{"id":221999,"date":"2019-10-19T03:07:46","date_gmt":"2019-10-19T03:07:46","guid":{"rendered":"https:\/\/experimentopanzergeist.es\/?page_id=221999"},"modified":"2026-03-15T14:30:55","modified_gmt":"2026-03-15T14:30:55","slug":"daga-ss-schutzstaffel","status":"publish","type":"page","link":"https:\/\/experimentopanzergeist.es\/es\/daga-ss-schutzstaffel\/","title":{"rendered":"Daga SS Schutzstaffel"},"content":{"rendered":"<p>[et_pb_section fb_built=\u00bb1&#8243; custom_padding_last_edited=\u00bbon|phone\u00bb admin_label=\u00bbHeader\u00bb _builder_version=\u00bb4.27.4&#8243; background_image=\u00bbhttps:\/\/experimentopanzergeist.es\/wp-content\/uploads\/\/2025\/05\/79bfa136-16b0-4f13-ad00-ebcd2bb09eb2.png\u00bb custom_padding=\u00bb100px||0vw|||\u00bb custom_padding_tablet=\u00bb40px|||\u00bb custom_padding_phone=\u00bb0px|||\u00bb locked=\u00bboff\u00bb global_colors_info=\u00bb{}\u00bb][et_pb_row _builder_version=\u00bb4.16&#8243; global_colors_info=\u00bb{}\u00bb][et_pb_column type=\u00bb4_4&#8243; _builder_version=\u00bb4.16&#8243; global_colors_info=\u00bb{}\u00bb][et_pb_text _builder_version=\u00bb4.27.6&#8243; text_font=\u00bb||||||||\u00bb header_font=\u00bbAbril Fatface||||||||\u00bb header_font_size=\u00bb80px\u00bb header_line_height=\u00bb0.9em\u00bb header_2_font=\u00bbAbril Fatface||||||||\u00bb header_2_font_size=\u00bb56px\u00bb header_2_line_height=\u00bb1.1em\u00bb background_layout=\u00bbdark\u00bb header_font_size_tablet=\u00bb54px\u00bb header_font_size_phone=\u00bb34px\u00bb header_font_size_last_edited=\u00bboff|desktop\u00bb header_2_font_size_tablet=\u00bb36px\u00bb header_2_font_size_phone=\u00bb24px\u00bb header_2_font_size_last_edited=\u00bbon|phone\u00bb locked=\u00bboff\u00bb global_colors_info=\u00bb{}\u00bb]<\/p>\n<h1>Daga SS Schutzstaffel<\/h1>\n<p>[\/et_pb_text][\/et_pb_column][\/et_pb_row][et_pb_row _builder_version=\u00bb4.16&#8243; width=\u00bb100%\u00bb max_width=\u00bb100%\u00bb custom_padding=\u00bb0px||0px|||\u00bb global_colors_info=\u00bb{}\u00bb][et_pb_column type=\u00bb4_4&#8243; _builder_version=\u00bb4.16&#8243; custom_padding=\u00bb|||\u00bb global_colors_info=\u00bb{}\u00bb custom_padding__hover=\u00bb|||\u00bb][et_pb_image src=\u00bbhttps:\/\/experimentopanzergeist.es\/wp-content\/uploads\/\/2020\/01\/food-bank_57.png\u00bb align=\u00bbright\u00bb align_tablet=\u00bbcenter\u00bb align_phone=\u00bb\u00bb align_last_edited=\u00bbon|desktop\u00bb _builder_version=\u00bb4.16&#8243; global_colors_info=\u00bb{}\u00bb][\/et_pb_image][\/et_pb_column][\/et_pb_row][\/et_pb_section][et_pb_section fb_built=\u00bb1&#8243; admin_label=\u00bbAbout\u00bb _builder_version=\u00bb4.16&#8243; custom_padding=\u00bb||13px|||\u00bb global_colors_info=\u00bb{}\u00bb][et_pb_row column_structure=\u00bb3_5,2_5&#8243; _builder_version=\u00bb4.27.4&#8243; width=\u00bb77.8%\u00bb custom_padding=\u00bb||8px|||\u00bb locked=\u00bboff\u00bb global_colors_info=\u00bb{}\u00bb][et_pb_column type=\u00bb3_5&#8243; _builder_version=\u00bb4.16&#8243; global_colors_info=\u00bb{}\u00bb][et_pb_text _builder_version=\u00bb4.27.4&#8243; text_font=\u00bb||||||||\u00bb text_font_size=\u00bb20px\u00bb header_font=\u00bb||||||||\u00bb header_2_font=\u00bbLora|700|||||||\u00bb header_2_font_size=\u00bb50px\u00bb header_2_line_height=\u00bb1.2em\u00bb module_alignment=\u00bbleft\u00bb text_font_size_tablet=\u00bb\u00bb text_font_size_phone=\u00bb16px\u00bb text_font_size_last_edited=\u00bbon|desktop\u00bb header_2_font_size_tablet=\u00bb\u00bb header_2_font_size_phone=\u00bb32px\u00bb header_2_font_size_last_edited=\u00bbon|desktop\u00bb locked=\u00bboff\u00bb global_colors_info=\u00bb{}\u00bb]<\/p>\n<h2><span style=\"font-size: 50px;\">Historia de una pieza reglamentaria<\/span><\/h2>\n<p>\u00a0 \u00a0 \u00a0 \u00a0 \u00a0 Introducida en diciembre de 1933, la daga SS fue entregada a todos los miembros de la organizaci\u00f3n, sin distinci\u00f3n de rango. Su dise\u00f1o, inspirado en las dagas suizas de Holbein del siglo XVI, evocaba tambi\u00e9n la silueta del gladio romano, un gui\u00f1o a la idea de continuidad entre pasado imperial y misi\u00f3n contempor\u00e1nea.<\/p>\n<p>\u00a0 \u00a0 \u00a0 \u00a0 \u00a0 La daga SS presentaba una hoja de acero pulido con acabado tipo Damasco, donde se grababa el lema \u201cMeine Ehre hei\u00dft Treue\u201d (\u201cMi honor se llama lealtad\u201d) en caligraf\u00eda g\u00f3tica. Esta hoja, de 22 cent\u00edmetros, se un\u00eda a una empu\u00f1adura de \u00e9bano ennegrecido mediante pigmentaci\u00f3n vegetal. Incrustadas en ella, destacaban las runas \u201cSS\u201d en un peque\u00f1o medall\u00f3n met\u00e1lico y, m\u00e1s abajo, una \u00e1guila imperial con las alas desplegadas, s\u00edmbolo del poder estatal.<\/p>\n<p>\u00a0 \u00a0 \u00a0 \u00a0 \u00a0 La hoja se proteg\u00eda en una vaina de acero anodizado en negro, recubierta con laca protectora y terminada con guarniciones niqueladas, incluyendo un brocal reforzado para el anillo de suspensi\u00f3n y una puntera esf\u00e9rica. El conjunto se completaba con un guardamanos curvado, tambi\u00e9n niquelado, decorado con surcos grabados a mano.<\/p>\n<p>\u00a0 \u00a0 \u00a0 \u00a0 \u00a0 En algunos ejemplares puede verse, en la guarda inferior, un n\u00famero romano (I, II o III) que indicaba la ciudad de emisi\u00f3n \u2014M\u00fanich, Berl\u00edn o Dresde\u2014 lo que ayuda hoy a trazar su procedencia. Para su porte reglamentario, se utilizaba una correa de cuero negro con hebilla niquelada, pensada para sujetarse al cintur\u00f3n con firmeza y discreci\u00f3n.<\/p>\n<p>\u00a0 \u00a0 \u00a0 \u00a0 \u00a0 La daga no era simplemente un objeto ornamental. Se consideraba una extensi\u00f3n del juramento de fidelidad, entregada a los miembros de las SS en una ceremonia nocturna, cada 9 de noviembre, frente a la Feldherrnhalle de M\u00fanich. La fecha, coincidente con el aniversario del Putsch de 1923, convert\u00eda la entrega en un acto de carga ideol\u00f3gica, iluminado por antorchas y marcado por el silencio ritual.<\/p>\n<p>\u00a0 \u00a0 \u00a0 \u00a0 \u00a0 Perderla implicaba sanciones. Desde 1935, aquellos expulsados de la organizaci\u00f3n deb\u00edan devolverla, aunque los retirados pod\u00edan conservarla con un certificado oficial. Algunos miembros, especialmente oficiales, encargaban grabados personalizados o versiones de lujo, con empu\u00f1aduras en materiales nobles como el marfil o la plata.<\/p>\n<p>\u00a0 \u00a0 \u00a0 \u00a0 \u00a0 La producci\u00f3n ces\u00f3 oficialmente en 1942. Con el paso del tiempo, estas dagas pasaron del plano institucional al mundo del coleccionismo, donde hoy son apreciadas por su dise\u00f1o, su rareza y su factura artesanal m\u00e1s que por su carga simb\u00f3lica.<\/p>\n<h3><strong>El origen del lema: \u201cMeine Ehre hei\u00dft Treue\u201d<\/strong><\/h3>\n<p>\u00a0 \u00a0 \u00a0 \u00a0 \u00a0 La frase se remonta a 1931, durante el conflicto entre la SA de Berl\u00edn y las SS. En medio de un intento de insubordinaci\u00f3n por parte de Walter Stennes, solo un peque\u00f1o grupo de hombres liderado por Kurt Daluege resisti\u00f3 en defensa del partido, mientras otros abandonaban el puesto. Hitler, impresionado por su lealtad, escribi\u00f3 personalmente a Daluege una carta de felicitaci\u00f3n, en la que aparec\u00eda por primera vez la frase:<\/p>\n<p style=\"text-align: center;\">\u201cSS-Mann, deine Ehre hei\u00dft Treue.\u201d<br \/>(Hombre de las SS, tu honor se llama lealtad.)<\/p>\n<p>\u00a0 \u00a0 \u00a0 \u00a0 \u00a0 Poco despu\u00e9s, se convirti\u00f3 en el lema oficial de la organizaci\u00f3n y fue grabado en cada hoja.<\/p>\n<p>[\/et_pb_text][\/et_pb_column][et_pb_column type=\u00bb2_5&#8243; _builder_version=\u00bb4.16&#8243; background_enable_color=\u00bboff\u00bb global_colors_info=\u00bb{}\u00bb][et_pb_image src=\u00bbhttps:\/\/experimentopanzergeist.es\/wp-content\/uploads\/\/2025\/05\/01532982-8bd2-41b5-8fc3-0e6fbabcde17.png\u00bb title_text=\u00bb01532982-8bd2-41b5-8fc3-0e6fbabcde17&#8243; _builder_version=\u00bb4.27.4&#8243; _module_preset=\u00bbdefault\u00bb custom_margin=\u00bb||-1px|||\u00bb border_radii=\u00bboff|10px|10px||\u00bb locked=\u00bboff\u00bb global_colors_info=\u00bb{}\u00bb][\/et_pb_image][et_pb_text _builder_version=\u00bb4.27.4&#8243; text_font=\u00bb||||||||\u00bb text_font_size=\u00bb20px\u00bb header_font=\u00bb||||||||\u00bb header_2_font=\u00bbLora|700|||||||\u00bb header_2_font_size=\u00bb50px\u00bb header_2_line_height=\u00bb1.2em\u00bb background_color=\u00bb#011C40&#8243; background_layout=\u00bbdark\u00bb module_alignment=\u00bbleft\u00bb text_font_size_tablet=\u00bb\u00bb text_font_size_phone=\u00bb16px\u00bb text_font_size_last_edited=\u00bbon|desktop\u00bb header_2_font_size_tablet=\u00bb\u00bb header_2_font_size_phone=\u00bb32px\u00bb header_2_font_size_last_edited=\u00bbon|desktop\u00bb border_radii=\u00bboff|||10px|10px\u00bb border_width_all=\u00bb10px\u00bb border_color_all=\u00bb#011C40&#8243; locked=\u00bboff\u00bb global_colors_info=\u00bb{}\u00bb]<\/p>\n<h2>Contacto<\/h2>\n<h3><strong>Cap\u00edtulo 10<\/strong><\/h3>\n<p>&#8230;\u2014Aqu\u00ed ya no eres mi superior. De ning\u00fan modo pienso darle mi daga de honor de las SS \u2014aclar\u00f3 Dietrich<br \/>\u2014No se la est\u00e1s dando, es un intercambio, la carne por la daga&#8230;<\/p>\n<p>[\/et_pb_text][et_pb_image src=\u00bbhttps:\/\/experimentopanzergeist.es\/wp-content\/uploads\/\/2025\/05\/3f683f01-4dcf-40bd-8095-2fa096c6a8dc.png\u00bb title_text=\u00bb3f683f01-4dcf-40bd-8095-2fa096c6a8dc\u00bb _builder_version=\u00bb4.27.4&#8243; _module_preset=\u00bbdefault\u00bb border_radii=\u00bbon|10px|10px|10px|10px\u00bb locked=\u00bboff\u00bb global_colors_info=\u00bb{}\u00bb][\/et_pb_image][et_pb_text _builder_version=\u00bb4.27.4&#8243; text_font=\u00bb||||||||\u00bb text_font_size=\u00bb20px\u00bb header_font=\u00bb||||||||\u00bb header_2_font=\u00bbLora|700|||||||\u00bb header_2_font_size=\u00bb50px\u00bb header_2_line_height=\u00bb1.2em\u00bb module_alignment=\u00bbleft\u00bb text_font_size_tablet=\u00bb\u00bb text_font_size_phone=\u00bb16px\u00bb text_font_size_last_edited=\u00bbon|desktop\u00bb header_2_font_size_tablet=\u00bb\u00bb header_2_font_size_phone=\u00bb32px\u00bb header_2_font_size_last_edited=\u00bbon|desktop\u00bb locked=\u00bboff\u00bb global_colors_info=\u00bb{}\u00bb]<\/p>\n<h2>\u00bfSab\u00edas que\u2026?<\/h2>\n<p>\ud83d\udd39Aunque el lema \u201cMeine Ehre hei\u00dft Treue\u201d es el m\u00e1s conocido, algunas dagas fabricadas en 1934 presentan variaciones caligr\u00e1ficas \u00fanicas, que hoy permiten a los coleccionistas identificar tiradas muy tempranas, antes de la estandarizaci\u00f3n del grabado.<\/p>\n<p>\ud83d\udd39Durante los primeros meses de producci\u00f3n, antes de que se estandarizara la tipograf\u00eda oficial en g\u00f3tico Fraktur, algunas f\u00e1bricas utilizaron caligraf\u00edas distintas, incluyendo:<\/p>\n<p>\ud83d\udd39<strong>Tipograf\u00eda S\u00fctterlin<\/strong>: una escritura manuscrita alemana, m\u00e1s fluida y menos angulosa, que algunas dagas tempranas presentan parcialmente.<\/p>\n<p>\ud83d\udd39<strong>Fraktur con trazos m\u00e1s anchos o irregulares<\/strong>: especialmente en las fabricadas por Eickhorn, Klaas o B\u00f6ker, antes de que se definieran las gu\u00edas precisas del grabado.<\/p>\n<p>\ud83d\udd39<strong>Letras ligeramente inclinadas o con remates ornamentales<\/strong>, algo que se corrigi\u00f3 a partir de 1935 cuando el control de calidad se volvi\u00f3 m\u00e1s estricto por orden de Himmler.<\/p>\n<p>\ud83d\udd39Estas variantes caligr\u00e1ficas aumentan significativamente el valor de colecci\u00f3n, ya que indican una producci\u00f3n temprana y limitada, en muchos casos anterior a la implantaci\u00f3n del n\u00famero de serie obligatorio en la guarda inferior.[\/et_pb_text][\/et_pb_column][\/et_pb_row][et_pb_row column_structure=\u00bb1_3,1_3,1_3&#8243; _builder_version=\u00bb4.27.4&#8243; _module_preset=\u00bbdefault\u00bb custom_padding=\u00bb9px||3px|||\u00bb locked=\u00bboff\u00bb global_colors_info=\u00bb{}\u00bb][et_pb_column type=\u00bb1_3&#8243; _builder_version=\u00bb4.27.4&#8243; _module_preset=\u00bbdefault\u00bb global_colors_info=\u00bb{}\u00bb][et_pb_button button_url=\u00bbhttps:\/\/experimentopanzergeist.es\/es\/colt-m1911\/\u00bb button_text=\u00bbPagina anterior\u00bb _builder_version=\u00bb4.27.4&#8243; _module_preset=\u00bbdefault\u00bb custom_button=\u00bbon\u00bb button_text_color=\u00bb#FFFFFF\u00bb button_bg_color=\u00bb#011C40&#8243; button_bg_image=\u00bbhttps:\/\/experimentopanzergeist.es\/wp-content\/uploads\/\/2025\/11\/boton-bustos.png\u00bb button_border_width=\u00bb1px\u00bb button_border_color=\u00bb#011C40&#8243; button_border_radius=\u00bb10px\u00bb box_shadow_style=\u00bbpreset4&#8243; box_shadow_horizontal=\u00bb5px\u00bb box_shadow_vertical=\u00bb5px\u00bb box_shadow_color=\u00bbrgba(0,29,73,0.75)\u00bb locked=\u00bboff\u00bb global_colors_info=\u00bb{}\u00bb][\/et_pb_button][\/et_pb_column][et_pb_column type=\u00bb1_3&#8243; _builder_version=\u00bb4.27.4&#8243; _module_preset=\u00bbdefault\u00bb global_colors_info=\u00bb{}\u00bb][et_pb_button button_url=\u00bbhttps:\/\/experimentopanzergeist.es\/es\/novela-en-imagenes\/\u00bb button_text=\u00bbNovela en im\u00e1genes\u00bb button_alignment=\u00bbcenter\u00bb _builder_version=\u00bb4.27.4&#8243; _module_preset=\u00bbdefault\u00bb custom_button=\u00bbon\u00bb button_text_color=\u00bb#FFFFFF\u00bb button_bg_color=\u00bb#011C40&#8243; button_bg_image=\u00bbhttps:\/\/experimentopanzergeist.es\/wp-content\/uploads\/\/2025\/11\/boton-bustos.png\u00bb button_border_width=\u00bb1px\u00bb button_border_color=\u00bb#011C40&#8243; button_border_radius=\u00bb10px\u00bb box_shadow_style=\u00bbpreset4&#8243; box_shadow_horizontal=\u00bb5px\u00bb box_shadow_vertical=\u00bb5px\u00bb box_shadow_color=\u00bbrgba(0,29,73,0.75)\u00bb locked=\u00bboff\u00bb global_colors_info=\u00bb{}\u00bb][\/et_pb_button][\/et_pb_column][et_pb_column type=\u00bb1_3&#8243; _builder_version=\u00bb4.27.4&#8243; _module_preset=\u00bbdefault\u00bb global_colors_info=\u00bb{}\u00bb][et_pb_button button_url=\u00bbhttps:\/\/experimentopanzergeist.es\/es\/luger-p08\/\u00bb button_text=\u00bbPagina  siguiente\u00bb button_alignment=\u00bbright\u00bb _builder_version=\u00bb4.27.4&#8243; _module_preset=\u00bbdefault\u00bb custom_button=\u00bbon\u00bb button_text_color=\u00bb#FFFFFF\u00bb button_bg_color=\u00bb#011C40&#8243; button_bg_image=\u00bbhttps:\/\/experimentopanzergeist.es\/wp-content\/uploads\/\/2025\/11\/boton-bustos.png\u00bb button_border_width=\u00bb1px\u00bb button_border_color=\u00bb#011C40&#8243; button_border_radius=\u00bb10px\u00bb box_shadow_style=\u00bbpreset4&#8243; box_shadow_horizontal=\u00bb5px\u00bb box_shadow_vertical=\u00bb5px\u00bb box_shadow_color=\u00bbrgba(0,29,73,0.75)\u00bb locked=\u00bboff\u00bb global_colors_info=\u00bb{}\u00bb][\/et_pb_button][\/et_pb_column][\/et_pb_row][\/et_pb_section][et_pb_section fb_built=\u00bb1&#8243; fullwidth=\u00bbon\u00bb _builder_version=\u00bb4.16&#8243; locked=\u00bboff\u00bb global_colors_info=\u00bb{}\u00bb][et_pb_fullwidth_image src=\u00bbhttps:\/\/experimentopanzergeist.es\/wp-content\/uploads\/\/2020\/01\/food-bank_56.png\u00bb _builder_version=\u00bb4.16&#8243; global_colors_info=\u00bb{}\u00bb][\/et_pb_fullwidth_image][\/et_pb_section]<\/p>\n","protected":false},"excerpt":{"rendered":"<p>La daga de las SS fue m\u00e1s que un arma: s\u00edmbolo de juramento, poder y ritual, esta pieza de acero grabado marc\u00f3 uno de los cap\u00edtulos m\u00e1s oscuros del siglo XX.<\/p>\n","protected":false},"author":1,"featured_media":0,"parent":0,"menu_order":0,"comment_status":"closed","ping_status":"closed","template":"","meta":{"_et_pb_use_builder":"on","_et_pb_old_content":"","_et_gb_content_width":"","footnotes":""},"class_list":["post-221999","page","type-page","status-publish","hentry"],"_links":{"self":[{"href":"https:\/\/experimentopanzergeist.es\/es\/wp-json\/wp\/v2\/pages\/221999","targetHints":{"allow":["GET"]}}],"collection":[{"href":"https:\/\/experimentopanzergeist.es\/es\/wp-json\/wp\/v2\/pages"}],"about":[{"href":"https:\/\/experimentopanzergeist.es\/es\/wp-json\/wp\/v2\/types\/page"}],"author":[{"embeddable":true,"href":"https:\/\/experimentopanzergeist.es\/es\/wp-json\/wp\/v2\/users\/1"}],"replies":[{"embeddable":true,"href":"https:\/\/experimentopanzergeist.es\/es\/wp-json\/wp\/v2\/comments?post=221999"}],"version-history":[{"count":40,"href":"https:\/\/experimentopanzergeist.es\/es\/wp-json\/wp\/v2\/pages\/221999\/revisions"}],"predecessor-version":[{"id":243145,"href":"https:\/\/experimentopanzergeist.es\/es\/wp-json\/wp\/v2\/pages\/221999\/revisions\/243145"}],"wp:attachment":[{"href":"https:\/\/experimentopanzergeist.es\/es\/wp-json\/wp\/v2\/media?parent=221999"}],"curies":[{"name":"wp","href":"https:\/\/api.w.org\/{rel}","templated":true}]}}