{"id":222725,"date":"2019-11-08T08:57:05","date_gmt":"2019-11-08T08:57:05","guid":{"rendered":"https:\/\/experimentopanzergeist.es\/?page_id=222725"},"modified":"2026-03-15T13:55:06","modified_gmt":"2026-03-15T13:55:06","slug":"silva-urbem","status":"publish","type":"page","link":"https:\/\/experimentopanzergeist.es\/es\/silva-urbem\/","title":{"rendered":"Silva Urbem, el foro romano de Waldgirmes"},"content":{"rendered":"<p>[et_pb_section fb_built=\u00bb1&#8243; custom_padding_last_edited=\u00bbon|phone\u00bb admin_label=\u00bbHeader\u00bb _builder_version=\u00bb4.27.4&#8243; background_image=\u00bbhttps:\/\/experimentopanzergeist.es\/wp-content\/uploads\/\/2025\/05\/a36f6bc5-57f5-4108-b16d-8c8f791a0e21.png\u00bb custom_padding=\u00bb100px||0vw|||\u00bb custom_padding_tablet=\u00bb40px|||\u00bb custom_padding_phone=\u00bb0px|||\u00bb locked=\u00bboff\u00bb global_colors_info=\u00bb{}\u00bb][et_pb_row _builder_version=\u00bb4.16&#8243; global_colors_info=\u00bb{}\u00bb][et_pb_column type=\u00bb4_4&#8243; _builder_version=\u00bb4.16&#8243; global_colors_info=\u00bb{}\u00bb][et_pb_text _builder_version=\u00bb4.27.6&#8243; text_font=\u00bb||||||||\u00bb header_font=\u00bbAbril Fatface||||||||\u00bb header_font_size=\u00bb80px\u00bb header_line_height=\u00bb0.9em\u00bb header_2_font=\u00bbAbril Fatface||||||||\u00bb header_2_font_size=\u00bb56px\u00bb header_2_line_height=\u00bb1.1em\u00bb background_layout=\u00bbdark\u00bb header_font_size_tablet=\u00bb54px\u00bb header_font_size_phone=\u00bb34px\u00bb header_font_size_last_edited=\u00bbon|phone\u00bb header_2_font_size_tablet=\u00bb36px\u00bb header_2_font_size_phone=\u00bb24px\u00bb header_2_font_size_last_edited=\u00bbon|phone\u00bb locked=\u00bboff\u00bb global_colors_info=\u00bb{}\u00bb]<\/p>\n<h1>Silva Urbem<\/h1>\n<p>[\/et_pb_text][\/et_pb_column][\/et_pb_row][et_pb_row _builder_version=\u00bb4.16&#8243; width=\u00bb100%\u00bb max_width=\u00bb100%\u00bb custom_padding=\u00bb0px||0px|||\u00bb global_colors_info=\u00bb{}\u00bb][et_pb_column type=\u00bb4_4&#8243; _builder_version=\u00bb4.16&#8243; custom_padding=\u00bb|||\u00bb global_colors_info=\u00bb{}\u00bb custom_padding__hover=\u00bb|||\u00bb][et_pb_image src=\u00bbhttps:\/\/experimentopanzergeist.es\/wp-content\/uploads\/\/2020\/01\/food-bank_57.png\u00bb align=\u00bbright\u00bb align_tablet=\u00bbcenter\u00bb align_phone=\u00bb\u00bb align_last_edited=\u00bbon|desktop\u00bb _builder_version=\u00bb4.16&#8243; global_colors_info=\u00bb{}\u00bb][\/et_pb_image][\/et_pb_column][\/et_pb_row][\/et_pb_section][et_pb_section fb_built=\u00bb1&#8243; admin_label=\u00bbAbout\u00bb _builder_version=\u00bb4.16&#8243; custom_padding=\u00bb||8px|||\u00bb locked=\u00bboff\u00bb global_colors_info=\u00bb{}\u00bb][et_pb_row column_structure=\u00bb3_5,2_5&#8243; _builder_version=\u00bb4.27.4&#8243; width=\u00bb77.8%\u00bb custom_padding=\u00bb||8px|||\u00bb locked=\u00bboff\u00bb global_colors_info=\u00bb{}\u00bb][et_pb_column type=\u00bb3_5&#8243; _builder_version=\u00bb4.16&#8243; global_colors_info=\u00bb{}\u00bb][et_pb_text _builder_version=\u00bb4.27.4&#8243; text_font=\u00bb||||||||\u00bb text_font_size=\u00bb20px\u00bb header_font=\u00bb||||||||\u00bb header_2_font=\u00bbLora|700|||||||\u00bb header_2_font_size=\u00bb60px\u00bb header_2_line_height=\u00bb1.2em\u00bb module_alignment=\u00bbleft\u00bb text_font_size_tablet=\u00bb\u00bb text_font_size_phone=\u00bb16px\u00bb text_font_size_last_edited=\u00bbon|desktop\u00bb header_2_font_size_tablet=\u00bb48px\u00bb header_2_font_size_phone=\u00bb32px\u00bb header_2_font_size_last_edited=\u00bbon|tablet\u00bb global_colors_info=\u00bb{}\u00bb]<\/p>\n<h2>El Foro Romano de Lahnau-Waldgirmes<\/h2>\n<p>\u00a0 \u00a0 \u00a0 \u00a0 \u00a0 Conocido en alem\u00e1n como <em>R\u00f6misches Forum Lahnau-Waldgirmes<\/em>, este asentamiento fue construido por el ej\u00e9rcito del emperador Augusto como parte de su ambicioso plan de ocupar y romanizar la regi\u00f3n de Germania Magna. Se trataba de un centro comercial, dise\u00f1ado como n\u00facleo urbano para consolidar la presencia romana en tierras germ\u00e1nicas. Aunque nunca lleg\u00f3 a completarse, representa un testimonio \u00fanico del intento de fundaci\u00f3n de una ciudad romana m\u00e1s all\u00e1 del Rin en pleno territorio b\u00e1rbaro.<\/p>\n<p>\u00a0 \u00a0 \u00a0 \u00a0 \u00a0 El complejo se encontraba cerca del r\u00edo Lahn, donde siglos antes vivi\u00f3 el pueblo germ\u00e1nico de los tencteros (Tencteri), asentado en la orilla norte del cauce. Su ubicaci\u00f3n estaba a unos 100\u202fkm de Koblenz y a solo 53\u202fkm de la actual ciudad de Fr\u00e1ncfort del Meno en el estado federado de Hesse.<\/p>\n<p>\u00a0 \u00a0 \u00a0 \u00a0 \u00a0 La fundaci\u00f3n de esta colonia data del 5 a.\u202fC. y todo indica que fue abandonada repentinamente en el a\u00f1o 9 d.\u202fC. coincidiendo con la derrota romana en la batalla del bosque de Teutoburgo. En efecto el yacimiento conserva los edificios de piedra m\u00e1s antiguos descubiertos hasta la fecha en toda Germania Magna. Las monedas y restos arquitect\u00f3nicos hallados confirman su breve ocupaci\u00f3n y su repentino abandono tras el fracaso militar romano en la regi\u00f3n.<\/p>\n<p>\u00a0 \u00a0 \u00a0 \u00a0 \u00a0 Uno de los descubrimientos arqueol\u00f3gicos m\u00e1s sobresalientes fue la localizaci\u00f3n de m\u00e1s de 200 fragmentos de una estatua ecuestre monumental de bronce dorado que probablemente representaba al emperador Augusto. En 2009 se hall\u00f3 la parte correspondiente a la cabeza del caballo, de 55\u202fcm de longitud y 25\u202fkg de peso. La brida, exquisitamente decorada, inclu\u00eda seis discos ornamentales y constituye una de las piezas de arte romano m\u00e1s excepcionales descubiertas al norte de los Alpes.<\/p>\n<p>[\/et_pb_text][et_pb_gallery gallery_ids=\u00bb1536,1535,219824,219825,219826,219828,219831,219832,219834,219827,219835,222734&#8243; posts_number=\u00bb2&#8243; _builder_version=\u00bb4.16&#8243; title_font=\u00bb||||||||\u00bb caption_font=\u00bb||||||||\u00bb dbdb_version=\u00bb5.1.1&#8243; locked=\u00bboff\u00bb global_colors_info=\u00bb{}\u00bb][\/et_pb_gallery][\/et_pb_column][et_pb_column type=\u00bb2_5&#8243; _builder_version=\u00bb4.16&#8243; background_enable_color=\u00bboff\u00bb global_colors_info=\u00bb{}\u00bb][et_pb_image src=\u00bbhttps:\/\/experimentopanzergeist.es\/wp-content\/uploads\/\/2025\/05\/af44beef-3bbf-40e6-97d2-b7a6524daab5.png\u00bb title_text=\u00bbaf44beef-3bbf-40e6-97d2-b7a6524daab5&#8243; _builder_version=\u00bb4.27.4&#8243; _module_preset=\u00bbdefault\u00bb custom_margin=\u00bb||-1px|||\u00bb border_radii=\u00bboff|10px|10px||\u00bb locked=\u00bboff\u00bb global_colors_info=\u00bb{}\u00bb][\/et_pb_image][et_pb_text _builder_version=\u00bb4.27.4&#8243; text_font=\u00bb||||||||\u00bb text_font_size=\u00bb20px\u00bb header_font=\u00bb||||||||\u00bb header_2_font=\u00bbLora|700|||||||\u00bb header_2_font_size=\u00bb50px\u00bb header_2_line_height=\u00bb1.2em\u00bb background_color=\u00bb#011C40&#8243; background_layout=\u00bbdark\u00bb module_alignment=\u00bbleft\u00bb text_font_size_tablet=\u00bb\u00bb text_font_size_phone=\u00bb16px\u00bb text_font_size_last_edited=\u00bbon|desktop\u00bb header_2_font_size_tablet=\u00bb\u00bb header_2_font_size_phone=\u00bb32px\u00bb header_2_font_size_last_edited=\u00bbon|desktop\u00bb border_radii=\u00bboff|||10px|10px\u00bb border_width_all=\u00bb10px\u00bb border_color_all=\u00bb#011C40&#8243; locked=\u00bboff\u00bb global_colors_info=\u00bb{}\u00bb]<\/p>\n<h2>Silva Urbem<\/h2>\n<h3><strong>Cap\u00edtulo 18<\/strong><\/h3>\n<p>&#8230;El optio no ment\u00eda. Faltaban a\u00fan dos horas para que el sol alcanzara el c\u00e9nit, cuando llegaban a Silva Urbem&#8230;<\/p>\n<p>[\/et_pb_text][et_pb_text _builder_version=\u00bb4.27.4&#8243; text_font=\u00bb||||||||\u00bb text_font_size=\u00bb20px\u00bb header_font=\u00bb||||||||\u00bb header_2_font=\u00bbLora|700|||||||\u00bb header_2_font_size=\u00bb50px\u00bb header_2_line_height=\u00bb1.2em\u00bb module_alignment=\u00bbleft\u00bb text_font_size_tablet=\u00bb\u00bb text_font_size_phone=\u00bb16px\u00bb text_font_size_last_edited=\u00bbon|desktop\u00bb header_2_font_size_tablet=\u00bb\u00bb header_2_font_size_phone=\u00bb32px\u00bb header_2_font_size_last_edited=\u00bbon|desktop\u00bb locked=\u00bboff\u00bb global_colors_info=\u00bb{}\u00bb]<\/p>\n<h2>\u00bfSab\u00edas que\u2026?<\/h2>\n<p>\ud83d\udd39 El Foro de Waldgirmes no fue un campamento militar, sino un intento de fundar una aut\u00e9ntica ciudad civil romana m\u00e1s all\u00e1 del Rin, con foro, casas, talleres, calles y hasta una posible curia.<\/p>\n<p>\ud83d\udd39 No hab\u00eda murallas defensivas alrededor del asentamiento, lo que indica que los romanos confiaban plenamente en su capacidad de controlar el territorio. Esta confianza fue truncada por la masacre de las legiones de Varo en Teutoburgo.<\/p>\n<p>\ud83d\udd39 El hallazgo de la estatua ecuestre de Augusto en bronce dorado es el \u00fanico de su tipo hallado completo (aunque fragmentado) en la antigua Germania. Representa uno de los ejemplos m\u00e1s valiosos del culto imperial en provincias.<\/p>\n<p>\ud83d\udd39 El sitio fue enterrado deliberadamente por sus propios ocupantes, lo que sugiere una retirada r\u00e1pida pero ordenada. Algunos arque\u00f3logos creen que fue un acto simb\u00f3lico de abandono tras la ca\u00edda del sue\u00f1o de germanizaci\u00f3n.<\/p>\n<p>[\/et_pb_text][\/et_pb_column][\/et_pb_row][\/et_pb_section][et_pb_section fb_built=\u00bb1&#8243; _builder_version=\u00bb4.27.4&#8243; _module_preset=\u00bbdefault\u00bb custom_padding=\u00bb16px||11px|||\u00bb global_colors_info=\u00bb{}\u00bb][et_pb_row _builder_version=\u00bb4.27.4&#8243; _module_preset=\u00bbdefault\u00bb custom_padding=\u00bb9px||10px|||\u00bb global_colors_info=\u00bb{}\u00bb][et_pb_column type=\u00bb4_4&#8243; _builder_version=\u00bb4.27.4&#8243; _module_preset=\u00bbdefault\u00bb global_colors_info=\u00bb{}\u00bb][et_pb_gallery gallery_ids=\u00bb239594,239598,239593,239592,239591,239590,239589,239587,239588,239595&#8243; show_title_and_caption=\u00bboff\u00bb _builder_version=\u00bb4.27.4&#8243; _module_preset=\u00bbdefault\u00bb custom_margin=\u00bb||4px|||\u00bb dbdb_version=\u00bb5.1.1&#8243; dbdb_show_lightbox_title=\u00bboff\u00bb dbdb_show_lightbox_image_count=\u00bboff\u00bb global_colors_info=\u00bb{}\u00bb][\/et_pb_gallery][\/et_pb_column][\/et_pb_row][et_pb_row column_structure=\u00bb1_3,1_3,1_3&#8243; _builder_version=\u00bb4.27.4&#8243; _module_preset=\u00bbdefault\u00bb custom_padding=\u00bb9px||3px|||\u00bb locked=\u00bboff\u00bb global_colors_info=\u00bb{}\u00bb][et_pb_column type=\u00bb1_3&#8243; _builder_version=\u00bb4.27.4&#8243; _module_preset=\u00bbdefault\u00bb global_colors_info=\u00bb{}\u00bb][et_pb_button button_url=\u00bbhttps:\/\/experimentopanzergeist.es\/es\/pompeya\/\u00bb button_text=\u00bbPagina anterior\u00bb _builder_version=\u00bb4.27.4&#8243; _module_preset=\u00bbdefault\u00bb custom_button=\u00bbon\u00bb button_text_color=\u00bb#FFFFFF\u00bb button_bg_color=\u00bb#011C40&#8243; button_border_width=\u00bb10px\u00bb button_border_radius=\u00bb20px\u00bb global_colors_info=\u00bb{}\u00bb][\/et_pb_button][\/et_pb_column][et_pb_column type=\u00bb1_3&#8243; _builder_version=\u00bb4.27.4&#8243; _module_preset=\u00bbdefault\u00bb global_colors_info=\u00bb{}\u00bb][et_pb_button button_url=\u00bbhttps:\/\/experimentopanzergeist.es\/es\/novela-en-imagenes\/\u00bb button_text=\u00bbNovela en im\u00e1genes\u00bb button_alignment=\u00bbcenter\u00bb _builder_version=\u00bb4.27.4&#8243; _module_preset=\u00bbdefault\u00bb custom_button=\u00bbon\u00bb button_text_color=\u00bb#FFFFFF\u00bb button_bg_color=\u00bb#011C40&#8243; button_bg_image=\u00bbhttps:\/\/experimentopanzergeist.es\/wp-content\/uploads\/\/2025\/11\/boton-bustos.png\u00bb button_border_width=\u00bb1px\u00bb button_border_color=\u00bb#011C40&#8243; button_border_radius=\u00bb10px\u00bb box_shadow_style=\u00bbpreset4&#8243; box_shadow_horizontal=\u00bb5px\u00bb box_shadow_vertical=\u00bb5px\u00bb box_shadow_color=\u00bbrgba(0,29,73,0.75)\u00bb locked=\u00bboff\u00bb global_colors_info=\u00bb{}\u00bb][\/et_pb_button][\/et_pb_column][et_pb_column type=\u00bb1_3&#8243; _builder_version=\u00bb4.27.4&#8243; _module_preset=\u00bbdefault\u00bb global_colors_info=\u00bb{}\u00bb][et_pb_button button_url=\u00bbhttps:\/\/experimentopanzergeist.es\/es\/sorrentum\/\u00bb button_text=\u00bbP\u00e1gina  siguiente\u00bb button_alignment=\u00bbright\u00bb _builder_version=\u00bb4.27.4&#8243; _module_preset=\u00bbdefault\u00bb custom_button=\u00bbon\u00bb button_text_color=\u00bb#FFFFFF\u00bb button_bg_color=\u00bb#011C40&#8243; button_bg_image=\u00bbhttps:\/\/experimentopanzergeist.es\/wp-content\/uploads\/\/2025\/11\/boton-bustos.png\u00bb button_border_width=\u00bb1px\u00bb button_border_color=\u00bb#011C40&#8243; button_border_radius=\u00bb10px\u00bb box_shadow_style=\u00bbpreset4&#8243; box_shadow_horizontal=\u00bb5px\u00bb box_shadow_vertical=\u00bb5px\u00bb box_shadow_color=\u00bbrgba(0,29,73,0.75)\u00bb locked=\u00bboff\u00bb global_colors_info=\u00bb{}\u00bb][\/et_pb_button][\/et_pb_column][\/et_pb_row][\/et_pb_section][et_pb_section fb_built=\u00bb1&#8243; fullwidth=\u00bbon\u00bb _builder_version=\u00bb4.16&#8243; locked=\u00bboff\u00bb global_colors_info=\u00bb{}\u00bb][et_pb_fullwidth_image src=\u00bbhttps:\/\/experimentopanzergeist.es\/wp-content\/uploads\/\/2020\/01\/food-bank_56.png\u00bb _builder_version=\u00bb4.16&#8243; global_colors_info=\u00bb{}\u00bb][\/et_pb_fullwidth_image][\/et_pb_section]<\/p>\n","protected":false},"excerpt":{"rendered":"<p>Silva UrbemEl Foro Romano de Lahnau-Waldgirmes \u00a0 \u00a0 \u00a0 \u00a0 \u00a0 Conocido en alem\u00e1n como R\u00f6misches Forum Lahnau-Waldgirmes, este asentamiento fue construido por el ej\u00e9rcito del emperador Augusto como parte de su ambicioso plan de ocupar y romanizar la regi\u00f3n de Germania Magna. Se trataba de un centro comercial, dise\u00f1ado como n\u00facleo urbano para consolidar [&hellip;]<\/p>\n","protected":false},"author":1,"featured_media":0,"parent":0,"menu_order":0,"comment_status":"closed","ping_status":"closed","template":"","meta":{"_et_pb_use_builder":"on","_et_pb_old_content":"","_et_gb_content_width":"","footnotes":""},"class_list":["post-222725","page","type-page","status-publish","hentry"],"_links":{"self":[{"href":"https:\/\/experimentopanzergeist.es\/es\/wp-json\/wp\/v2\/pages\/222725","targetHints":{"allow":["GET"]}}],"collection":[{"href":"https:\/\/experimentopanzergeist.es\/es\/wp-json\/wp\/v2\/pages"}],"about":[{"href":"https:\/\/experimentopanzergeist.es\/es\/wp-json\/wp\/v2\/types\/page"}],"author":[{"embeddable":true,"href":"https:\/\/experimentopanzergeist.es\/es\/wp-json\/wp\/v2\/users\/1"}],"replies":[{"embeddable":true,"href":"https:\/\/experimentopanzergeist.es\/es\/wp-json\/wp\/v2\/comments?post=222725"}],"version-history":[{"count":25,"href":"https:\/\/experimentopanzergeist.es\/es\/wp-json\/wp\/v2\/pages\/222725\/revisions"}],"predecessor-version":[{"id":243121,"href":"https:\/\/experimentopanzergeist.es\/es\/wp-json\/wp\/v2\/pages\/222725\/revisions\/243121"}],"wp:attachment":[{"href":"https:\/\/experimentopanzergeist.es\/es\/wp-json\/wp\/v2\/media?parent=222725"}],"curies":[{"name":"wp","href":"https:\/\/api.w.org\/{rel}","templated":true}]}}