{"id":223142,"date":"2019-11-20T14:42:17","date_gmt":"2019-11-20T14:42:17","guid":{"rendered":"https:\/\/experimentopanzergeist.es\/?page_id=223142"},"modified":"2026-04-13T11:22:38","modified_gmt":"2026-04-13T11:22:38","slug":"heinrich-schuch","status":"publish","type":"page","link":"https:\/\/experimentopanzergeist.es\/es\/heinrich-schuch\/","title":{"rendered":"Heinrich Schuch"},"content":{"rendered":"<p>[et_pb_section fb_built=\u00bb1&#8243; custom_padding_last_edited=\u00bbon|phone\u00bb admin_label=\u00bbHeader\u00bb _builder_version=\u00bb4.27.4&#8243; background_color=\u00bb#0D0D0D\u00bb background_image=\u00bbhttps:\/\/experimentopanzergeist.es\/wp-content\/uploads\/\/2025\/05\/27483a02-4ae9-4c8e-b0a9-7fe33b8825cc.png\u00bb background_position=\u00bbtop_center\u00bb background_vertical_offset=\u00bb20%\u00bb custom_padding=\u00bb100px||0vw|||\u00bb custom_padding_tablet=\u00bb40px|||\u00bb custom_padding_phone=\u00bb0px|||\u00bb locked=\u00bboff\u00bb global_colors_info=\u00bb{}\u00bb][et_pb_row _builder_version=\u00bb4.16&#8243; global_colors_info=\u00bb{}\u00bb][et_pb_column type=\u00bb4_4&#8243; _builder_version=\u00bb4.16&#8243; global_colors_info=\u00bb{}\u00bb][et_pb_text _builder_version=\u00bb4.27.6&#8243; text_font=\u00bb||||||||\u00bb header_font=\u00bbAbril Fatface||||||||\u00bb header_font_size=\u00bb80px\u00bb header_line_height=\u00bb0.9em\u00bb header_2_font=\u00bbAbril Fatface||||||||\u00bb header_2_font_size=\u00bb56px\u00bb header_2_line_height=\u00bb1.1em\u00bb background_layout=\u00bbdark\u00bb header_font_size_tablet=\u00bb54px\u00bb header_font_size_phone=\u00bb34px\u00bb header_font_size_last_edited=\u00bboff|tablet\u00bb header_2_font_size_tablet=\u00bb36px\u00bb header_2_font_size_phone=\u00bb24px\u00bb header_2_font_size_last_edited=\u00bbon|phone\u00bb locked=\u00bboff\u00bb global_colors_info=\u00bb{}\u00bb]<\/p>\n<h1>Heinrich Schuch<\/h1>\n<p>[\/et_pb_text][\/et_pb_column][\/et_pb_row][et_pb_row _builder_version=\u00bb4.16&#8243; width=\u00bb100%\u00bb max_width=\u00bb100%\u00bb custom_padding=\u00bb0px||0px|||\u00bb global_colors_info=\u00bb{}\u00bb][et_pb_column type=\u00bb4_4&#8243; _builder_version=\u00bb4.16&#8243; custom_padding=\u00bb|||\u00bb global_colors_info=\u00bb{}\u00bb custom_padding__hover=\u00bb|||\u00bb][et_pb_image src=\u00bbhttps:\/\/experimentopanzergeist.es\/wp-content\/uploads\/\/2020\/01\/food-bank_57.png\u00bb align=\u00bbright\u00bb align_tablet=\u00bbcenter\u00bb align_phone=\u00bb\u00bb align_last_edited=\u00bbon|desktop\u00bb _builder_version=\u00bb4.16&#8243; global_colors_info=\u00bb{}\u00bb][\/et_pb_image][\/et_pb_column][\/et_pb_row][\/et_pb_section][et_pb_section fb_built=\u00bb1&#8243; admin_label=\u00bbAbout\u00bb _builder_version=\u00bb4.16&#8243; custom_padding=\u00bb||10px|||\u00bb locked=\u00bboff\u00bb global_colors_info=\u00bb{}\u00bb][et_pb_row column_structure=\u00bb3_5,2_5&#8243; _builder_version=\u00bb4.27.4&#8243; width=\u00bb77.8%\u00bb custom_padding=\u00bb||9px|||\u00bb locked=\u00bboff\u00bb global_colors_info=\u00bb{}\u00bb][et_pb_column type=\u00bb3_5&#8243; _builder_version=\u00bb4.16&#8243; global_colors_info=\u00bb{}\u00bb][et_pb_text _builder_version=\u00bb4.27.4&#8243; text_font=\u00bb||||||||\u00bb text_font_size=\u00bb20px\u00bb header_font=\u00bb||||||||\u00bb header_2_font=\u00bbLora|700|||||||\u00bb header_2_font_size=\u00bb60px\u00bb header_2_line_height=\u00bb1.2em\u00bb module_alignment=\u00bbleft\u00bb text_font_size_tablet=\u00bb\u00bb text_font_size_phone=\u00bb16px\u00bb text_font_size_last_edited=\u00bbon|desktop\u00bb header_2_font_size_tablet=\u00bb48px\u00bb header_2_font_size_phone=\u00bb32px\u00bb header_2_font_size_last_edited=\u00bbon|tablet\u00bb global_colors_info=\u00bb{}\u00bb]<\/p>\n<h2>Comandante de U-Boot y experto t\u00e9cnico de la Kriegsmarine<\/h2>\n<p>\u00a0 \u00a0 \u00a0 \u00a0 \u00a0 Heinrich Schuch (Berl\u00edn, 28 de agosto de 1906 \u2013 21 de enero de 1968) fue un Fregattenkapit\u00e4n de la Kriegsmarine alemana. Sirvi\u00f3 como comandante de varios submarinos tipo IX y termin\u00f3 la guerra en altos cargos t\u00e9cnicos del mando de submarinos.<\/p>\n<h3><strong>\u2693 Carrera militar<\/strong><\/h3>\n<p>\u00a0 \u00a0 \u00a0 \u00a0 \u00a0 Schuch fue comandante de varios submarinos tipo IX, utilizados por su largo alcance para operaciones en el Atl\u00e1ntico. Sus comandos incluyeron los U-37, U-38, U-105 y U-154.<\/p>\n<ul>\n<li>En agosto de 1938 fue el primero en comandar el U-37, en el que estaba en patrulla cuando comenz\u00f3 la guerra.<\/li>\n<li>Ingres\u00f3 en la Reichsmarine el 16 de noviembre de 1925 como guardiamarina.<\/li>\n<li>Fue ascendiendo gradualmente hasta ser Fregattenkapit\u00e4n (capit\u00e1n de fragata) en septiembre de 1943.<\/li>\n<li>El 4 de agosto de 1938 asumi\u00f3 el mando del U-37, con el que patrullaba cuando estall\u00f3 la Segunda Guerra Mundial.<\/li>\n<li>En septiembre de 1939, fue asignado al Alto Mando Naval (OKM) como asesor t\u00e9cnico.<\/li>\n<li>En julio de 1941, volvi\u00f3 al mar como comandante del U-38, luego del U-105, y finalmente del U-154.<\/li>\n<\/ul>\n<h3><strong>Submarinos comandados:<\/strong><\/h3>\n<ul>\n<li>U-37 (04.08.1938 \u2013 24.09.1939)<\/li>\n<li>U-38 (15.07.1941 \u2013 06.01.1942)<\/li>\n<li>U-105 (07.01.1942 \u2013 30.09.1942)<\/li>\n<li>U-154 (07.10.1942 \u2013 08.02.1943)<\/li>\n<\/ul>\n<h3><strong>Funciones t\u00e9cnicas:<\/strong><\/h3>\n<p>\u00a0 \u00a0 \u00a0 \u00a0 \u00a0 Desde febrero de 1943, Schuch ocup\u00f3 puestos de estado mayor, y en marzo fue nombrado jefe de la secci\u00f3n de armamentos de torpedos del Comando de Submarinos: Waffenabteilung II BdU. Termin\u00f3 la guerra en ese cargo.<\/p>\n<p>\u00a0 \u00a0 \u00a0 \u00a0 \u00a0 Heinrich Schulz fue comisionado para una misi\u00f3n puntual de car\u00e1cter ultrasecreto en los primeros d\u00edas de marzo de 1944, en el marco de una operaci\u00f3n clasificada vinculada a \u00f3rdenes directas de <span class=\"hover:entity-accent entity-underline inline cursor-pointer align-baseline\"><span class=\"whitespace-normal\">Heinrich Himmler<\/span><\/span>, asumi\u00f3 temporalmente el control operativo del <a href=\"https:\/\/experimentopanzergeist.es\/es\/u-boot-154\/\"><span class=\"hover:entity-accent entity-underline inline cursor-pointer align-baseline\"><span class=\"whitespace-normal\">U Boot-154<\/span><\/span><\/a> durante su escala en la costa atl\u00e1ntica francesa. Aunque el mando oficial segu\u00eda en manos del Oblt. <span class=\"hover:entity-accent entity-underline inline cursor-pointer align-baseline\"><span class=\"whitespace-normal\">Gerth Gemeiner<\/span><\/span>, su intervenci\u00f3n se limit\u00f3 a supervisar una transferencia estrat\u00e9gica en Deauville, tras la cual abandon\u00f3 el submarino para reincorporarse al Estado Mayor.<\/p>\n<h3><strong>Patrullas realizadas con el U-154:<\/strong><\/h3>\n<p>\u00a0 \u00a0 \u00a0 \u00a0 \u00a0 Salida de Lorient el\u00a0 12 oct 1942 y regreso a la base el 7 ene 1943.<\/p>\n<p>\u00a0 \u00a0 \u00a0 \u00a0 \u00a0 Barcos hundidos por Heinrich Schuch con el U-154, los 3 de nacionalidad brit\u00e1nica:<\/p>\n<ul>\n<li>8 nov 1942: <a href=\"https:\/\/uboat.net\/allies\/merchants\/ship\/3517.html\">D\u00b4Entrecasteaux<\/a> \u00a07,291 t<\/li>\n<li>9 nov 1942: <a href=\"https:\/\/uboat.net\/allies\/merchants\/ship\/2396.html\">Nurmahal<\/a> 5,419 t<\/li>\n<li>18 nov 1942: <a href=\"https:\/\/uboat.net\/allies\/merchants\/ship\/2442.html\">Torre grange<\/a> \u00a05,226 t<\/li>\n<\/ul>\n<p>[\/et_pb_text][\/et_pb_column][et_pb_column type=\u00bb2_5&#8243; _builder_version=\u00bb4.16&#8243; global_colors_info=\u00bb{}\u00bb][et_pb_text _builder_version=\u00bb4.27.4&#8243; text_font=\u00bb||||||||\u00bb text_font_size=\u00bb20px\u00bb header_font=\u00bb||||||||\u00bb header_2_font=\u00bbLora|700|||||||\u00bb header_2_font_size=\u00bb50px\u00bb header_2_line_height=\u00bb1.2em\u00bb background_color=\u00bb#011C40&#8243; background_layout=\u00bbdark\u00bb module_alignment=\u00bbleft\u00bb text_font_size_tablet=\u00bb\u00bb text_font_size_phone=\u00bb16px\u00bb text_font_size_last_edited=\u00bbon|desktop\u00bb header_2_font_size_tablet=\u00bb\u00bb header_2_font_size_phone=\u00bb32px\u00bb header_2_font_size_last_edited=\u00bbon|desktop\u00bb border_radii=\u00bbon|10px|10px|10px|10px\u00bb border_width_all=\u00bb10px\u00bb border_color_all=\u00bb#011C40&#8243; locked=\u00bboff\u00bb global_colors_info=\u00bb{}\u00bb]<\/p>\n<h2>Cuartel general de la Gestapo<\/h2>\n<h3><strong>Cap\u00edtulo 1<\/strong><\/h3>\n<p>&#8230;Deber\u00e1 escoltar al Gefreiter Fabi\u00e1n En\u00e9riz de la vig\u00e9simo primera divisi\u00f3n Panzer al mando del Gruppenf\u00fchrer Edgar Feuchtinger. En estos momentos, est\u00e1n en Francia, al sur de la ciudad de Caen. Una lancha le estar\u00e1 esperando en el puerto de Bremerhaven para llevarle a bordo del U-154 al mando del capit\u00e1n Heinrich Schuch con \u00f3rdenes de dejarle en la costa de Deauville&#8230;[\/et_pb_text][et_pb_image src=\u00bbhttps:\/\/experimentopanzergeist.es\/wp-content\/uploads\/\/2020\/01\/food-bank_52.png\u00bb title_text=\u00bbfood-bank_52&#8243; force_fullwidth=\u00bbon\u00bb align_tablet=\u00bbcenter\u00bb align_phone=\u00bb\u00bb align_last_edited=\u00bbon|desktop\u00bb _builder_version=\u00bb4.27.4&#8243; background_image=\u00bbhttps:\/\/experimentopanzergeist.es\/wp-content\/uploads\/\/2018\/11\/schuch_heinrich.jpg\u00bb background_position=\u00bbtop_center\u00bb locked=\u00bboff\u00bb global_colors_info=\u00bb{}\u00bb][\/et_pb_image][et_pb_text _builder_version=\u00bb4.27.4&#8243; text_font=\u00bb||||||||\u00bb text_font_size=\u00bb20px\u00bb header_font=\u00bb||||||||\u00bb header_font_size=\u00bb28px\u00bb header_2_font=\u00bb|700|||||||\u00bb header_2_font_size=\u00bb60px\u00bb header_2_line_height=\u00bb1.2em\u00bb module_alignment=\u00bbleft\u00bb text_font_size_tablet=\u00bb\u00bb text_font_size_phone=\u00bb16px\u00bb text_font_size_last_edited=\u00bbon|desktop\u00bb header_2_font_size_tablet=\u00bb48px\u00bb header_2_font_size_phone=\u00bb32px\u00bb header_2_font_size_last_edited=\u00bbon|tablet\u00bb global_colors_info=\u00bb{}\u00bb]<\/p>\n<h3><strong>\ud83c\udf96\ufe0fCondecoraciones:<\/strong><\/h3>\n<ul>\n<li>Cruz de Hierro de segunda clase<\/li>\n<li>Cruz de hierro de primera clase<\/li>\n<li>Insignia de guerra submarina 1939<\/li>\n<\/ul>\n<h3><strong>Experiencia militar:<\/strong><\/h3>\n<ul>\n<li>11\/16\/1925 Guardia marina<\/li>\n<li>01\/04\/1927 Alf\u00e9rez<\/li>\n<li>01\/06\/1928 Suboficial jefe<\/li>\n<li>01\/10\/1929 Teniente<\/li>\n<li>01\/07\/1931 Teniente jefe<\/li>\n<li>01\/10\/1935 Teniente comandante<\/li>\n<li>01\/11\/1939 Capit\u00e1n de Corbeta<\/li>\n<li>01\/09\/1943 Capit\u00e1n de Fragata<\/li>\n<\/ul>\n<h3><strong>Campa\u00f1a en cifras<\/strong><\/h3>\n<ul>\n<li>7 patrullas de combate<\/li>\n<li>265 d\u00edas en el mar<\/li>\n<li>7 barcos hundidos (incluido tres buques de guerra brit\u00e1nico)<\/li>\n<\/ul>\n<p>Total hundido: 39.187 toneladas<\/p>\n<p>[\/et_pb_text][\/et_pb_column][\/et_pb_row][et_pb_row _builder_version=\u00bb4.16&#8243; width=\u00bb77.8%\u00bb custom_padding=\u00bb14px||7px|||\u00bb locked=\u00bboff\u00bb global_colors_info=\u00bb{}\u00bb][et_pb_column type=\u00bb4_4&#8243; _builder_version=\u00bb4.16&#8243; global_colors_info=\u00bb{}\u00bb][et_pb_text _builder_version=\u00bb4.27.4&#8243; text_font=\u00bb||||||||\u00bb text_font_size=\u00bb20px\u00bb header_font=\u00bb||||||||\u00bb header_2_font=\u00bbLora|700|||||||\u00bb header_2_font_size=\u00bb60px\u00bb header_2_line_height=\u00bb1.2em\u00bb module_alignment=\u00bbleft\u00bb custom_margin=\u00bb||7px|||\u00bb text_font_size_tablet=\u00bb\u00bb text_font_size_phone=\u00bb16px\u00bb text_font_size_last_edited=\u00bbon|desktop\u00bb header_2_font_size_tablet=\u00bb48px\u00bb header_2_font_size_phone=\u00bb32px\u00bb header_2_font_size_last_edited=\u00bbon|tablet\u00bb global_colors_info=\u00bb{}\u00bb]<\/p>\n<h2>\u00bfSab\u00edas que\u2026?<\/h2>\n<p><span>\ud83d\udd39<\/span>En agosto de 1938 Heinrich Schuch estaba patrullando el largo alcance tipo IX U-37 cuando estall\u00f3 la guerra.<br \/>Heinrich Schuch fue uno de los pocos oficiales alemanes de submarinos que comand\u00f3 cuatro U-Boot de largo alcance distintos y que sobrevivi\u00f3 a la guerra.<br \/><span>\ud83d\udd39<\/span>Tras hundir el petrolero noruego Sven\u00f8r (27 de marzo de 1942), Schuch no abandon\u00f3 a los n\u00e1ufragos. En vez de capturarlos o ignorarlos, avis\u00f3 al mercante portugu\u00e9s neutral Cunene y lo dirigi\u00f3 hacia los botes salvavidas.<br \/><span>\ud83d\udd39<\/span>Gracias a su decisi\u00f3n, todos los supervivientes fueron rescatados y desembarcados sanos y salvos en Filadelfia el 31 de marzo. Un gesto silencioso pero profundamente humano en medio del horror de la guerra submarina.<\/p>\n<p>[\/et_pb_text][\/et_pb_column][\/et_pb_row][et_pb_row column_structure=\u00bb1_3,1_3,1_3&#8243; _builder_version=\u00bb4.27.4&#8243; _module_preset=\u00bbdefault\u00bb custom_padding=\u00bb9px||3px|||\u00bb locked=\u00bboff\u00bb global_colors_info=\u00bb{}\u00bb][et_pb_column type=\u00bb1_3&#8243; _builder_version=\u00bb4.27.4&#8243; _module_preset=\u00bbdefault\u00bb global_colors_info=\u00bb{}\u00bb][et_pb_button button_url=\u00bbhttps:\/\/experimentopanzergeist.es\/es\/hans-kammler\/\u00bb button_text=\u00bbP\u00e1gina anterior\u00bb _builder_version=\u00bb4.27.4&#8243; _module_preset=\u00bbdefault\u00bb custom_button=\u00bbon\u00bb button_text_color=\u00bb#FFFFFF\u00bb button_bg_color=\u00bb#011C40&#8243; button_bg_image=\u00bbhttps:\/\/experimentopanzergeist.es\/wp-content\/uploads\/\/2025\/11\/boton-bustos.png\u00bb button_border_width=\u00bb1px\u00bb button_border_color=\u00bb#011C40&#8243; button_border_radius=\u00bb10px\u00bb box_shadow_style=\u00bbpreset4&#8243; box_shadow_horizontal=\u00bb5px\u00bb box_shadow_vertical=\u00bb5px\u00bb box_shadow_color=\u00bbrgba(0,29,73,0.75)\u00bb locked=\u00bboff\u00bb global_colors_info=\u00bb{}\u00bb][\/et_pb_button][\/et_pb_column][et_pb_column type=\u00bb1_3&#8243; _builder_version=\u00bb4.27.4&#8243; _module_preset=\u00bbdefault\u00bb global_colors_info=\u00bb{}\u00bb][et_pb_button button_url=\u00bbhttps:\/\/experimentopanzergeist.es\/es\/novela-en-imagenes\/\u00bb button_text=\u00bbNovela en im\u00e1genes\u00bb button_alignment=\u00bbcenter\u00bb _builder_version=\u00bb4.27.4&#8243; _module_preset=\u00bbdefault\u00bb custom_button=\u00bbon\u00bb button_text_color=\u00bb#FFFFFF\u00bb button_bg_color=\u00bb#011C40&#8243; button_bg_image=\u00bbhttps:\/\/experimentopanzergeist.es\/wp-content\/uploads\/\/2025\/11\/boton-bustos.png\u00bb button_border_width=\u00bb1px\u00bb button_border_color=\u00bb#011C40&#8243; button_border_radius=\u00bb10px\u00bb box_shadow_style=\u00bbpreset4&#8243; box_shadow_horizontal=\u00bb5px\u00bb box_shadow_vertical=\u00bb5px\u00bb box_shadow_color=\u00bbrgba(0,29,73,0.75)\u00bb locked=\u00bboff\u00bb global_colors_info=\u00bb{}\u00bb][\/et_pb_button][\/et_pb_column][et_pb_column type=\u00bb1_3&#8243; _builder_version=\u00bb4.27.4&#8243; _module_preset=\u00bbdefault\u00bb global_colors_info=\u00bb{}\u00bb][et_pb_button button_url=\u00bbhttps:\/\/experimentopanzergeist.es\/es\/rosa-blanca\/\u00bb button_text=\u00bbP\u00e1gina  siguiente\u00bb button_alignment=\u00bbright\u00bb _builder_version=\u00bb4.27.4&#8243; _module_preset=\u00bbdefault\u00bb custom_button=\u00bbon\u00bb button_text_color=\u00bb#FFFFFF\u00bb button_bg_color=\u00bb#011C40&#8243; button_bg_image=\u00bbhttps:\/\/experimentopanzergeist.es\/wp-content\/uploads\/\/2025\/11\/boton-bustos.png\u00bb button_border_width=\u00bb1px\u00bb button_border_color=\u00bb#011C40&#8243; button_border_radius=\u00bb10px\u00bb box_shadow_style=\u00bbpreset4&#8243; box_shadow_horizontal=\u00bb5px\u00bb box_shadow_vertical=\u00bb5px\u00bb box_shadow_color=\u00bbrgba(0,29,73,0.75)\u00bb locked=\u00bboff\u00bb global_colors_info=\u00bb{}\u00bb][\/et_pb_button][\/et_pb_column][\/et_pb_row][\/et_pb_section][et_pb_section fb_built=\u00bb1&#8243; fullwidth=\u00bbon\u00bb _builder_version=\u00bb4.16&#8243; custom_margin=\u00bb||-7px|||\u00bb locked=\u00bboff\u00bb global_colors_info=\u00bb{}\u00bb][et_pb_fullwidth_image src=\u00bbhttps:\/\/experimentopanzergeist.es\/wp-content\/uploads\/\/2020\/01\/food-bank_56.png\u00bb _builder_version=\u00bb4.16&#8243; global_colors_info=\u00bb{}\u00bb][\/et_pb_fullwidth_image][\/et_pb_section]<\/p>\n","protected":false},"excerpt":{"rendered":"<p>Comandante del U-154 y veterano de cuatro U-Boote, Heinrich Schuch fue una figura clave de la Kriegsmarine en el Atl\u00e1ntico. En 1942 protagoniz\u00f3 un gesto ins\u00f3lito al salvar a n\u00e1ufragos enemigos.<\/p>\n","protected":false},"author":1,"featured_media":0,"parent":0,"menu_order":0,"comment_status":"closed","ping_status":"closed","template":"","meta":{"_et_pb_use_builder":"on","_et_pb_old_content":"","_et_gb_content_width":"","footnotes":""},"class_list":["post-223142","page","type-page","status-publish","hentry"],"_links":{"self":[{"href":"https:\/\/experimentopanzergeist.es\/es\/wp-json\/wp\/v2\/pages\/223142","targetHints":{"allow":["GET"]}}],"collection":[{"href":"https:\/\/experimentopanzergeist.es\/es\/wp-json\/wp\/v2\/pages"}],"about":[{"href":"https:\/\/experimentopanzergeist.es\/es\/wp-json\/wp\/v2\/types\/page"}],"author":[{"embeddable":true,"href":"https:\/\/experimentopanzergeist.es\/es\/wp-json\/wp\/v2\/users\/1"}],"replies":[{"embeddable":true,"href":"https:\/\/experimentopanzergeist.es\/es\/wp-json\/wp\/v2\/comments?post=223142"}],"version-history":[{"count":35,"href":"https:\/\/experimentopanzergeist.es\/es\/wp-json\/wp\/v2\/pages\/223142\/revisions"}],"predecessor-version":[{"id":243269,"href":"https:\/\/experimentopanzergeist.es\/es\/wp-json\/wp\/v2\/pages\/223142\/revisions\/243269"}],"wp:attachment":[{"href":"https:\/\/experimentopanzergeist.es\/es\/wp-json\/wp\/v2\/media?parent=223142"}],"curies":[{"name":"wp","href":"https:\/\/api.w.org\/{rel}","templated":true}]}}