{"id":223167,"date":"2019-11-21T00:36:39","date_gmt":"2019-11-21T00:36:39","guid":{"rendered":"https:\/\/experimentopanzergeist.es\/?page_id=223167"},"modified":"2026-03-16T00:41:27","modified_gmt":"2026-03-16T00:41:27","slug":"liberto-en-el-siglo-i","status":"publish","type":"page","link":"https:\/\/experimentopanzergeist.es\/es\/liberto-en-el-siglo-i\/","title":{"rendered":"liberto en el siglo I"},"content":{"rendered":"<p>[et_pb_section fb_built=\u00bb1&#8243; custom_padding_last_edited=\u00bbon|phone\u00bb admin_label=\u00bbHeader\u00bb _builder_version=\u00bb4.27.4&#8243; background_color=\u00bb#0D0D0D\u00bb background_image=\u00bbhttps:\/\/experimentopanzergeist.es\/wp-content\/uploads\/\/2025\/04\/Liberto-escribiendo-en-una-tablilla-de-cera.png\u00bb background_position=\u00bbtop_center\u00bb background_vertical_offset=\u00bb35%\u00bb custom_padding=\u00bb100px||0vw|||\u00bb custom_padding_tablet=\u00bb40px|||\u00bb custom_padding_phone=\u00bb0px|||\u00bb locked=\u00bboff\u00bb global_colors_info=\u00bb{}\u00bb][et_pb_row _builder_version=\u00bb4.16&#8243; global_colors_info=\u00bb{}\u00bb][et_pb_column type=\u00bb4_4&#8243; _builder_version=\u00bb4.16&#8243; global_colors_info=\u00bb{}\u00bb][et_pb_text _builder_version=\u00bb4.27.6&#8243; text_font=\u00bb||||||||\u00bb header_font=\u00bbAbril Fatface||||||||\u00bb header_font_size=\u00bb80px\u00bb header_line_height=\u00bb0.9em\u00bb header_2_font=\u00bbAbril Fatface||||||||\u00bb header_2_font_size=\u00bb56px\u00bb header_2_line_height=\u00bb1.1em\u00bb background_layout=\u00bbdark\u00bb hover_enabled=\u00bb0&#8243; header_font_size_tablet=\u00bb54px\u00bb header_font_size_phone=\u00bb34px\u00bb header_font_size_last_edited=\u00bboff|tablet\u00bb header_2_font_size_tablet=\u00bb36px\u00bb header_2_font_size_phone=\u00bb24px\u00bb header_2_font_size_last_edited=\u00bbon|phone\u00bb locked=\u00bboff\u00bb global_colors_info=\u00bb{}\u00bb sticky_enabled=\u00bb0&#8243;]<\/p>\n<h1>El liberto<\/h1>\n<p>[\/et_pb_text][\/et_pb_column][\/et_pb_row][et_pb_row _builder_version=\u00bb4.16&#8243; width=\u00bb100%\u00bb max_width=\u00bb100%\u00bb custom_padding=\u00bb0px||0px|||\u00bb global_colors_info=\u00bb{}\u00bb][et_pb_column type=\u00bb4_4&#8243; _builder_version=\u00bb4.16&#8243; custom_padding=\u00bb|||\u00bb global_colors_info=\u00bb{}\u00bb custom_padding__hover=\u00bb|||\u00bb][et_pb_image src=\u00bbhttps:\/\/experimentopanzergeist.es\/wp-content\/uploads\/\/2020\/01\/food-bank_57.png\u00bb align=\u00bbright\u00bb align_tablet=\u00bbcenter\u00bb align_phone=\u00bb\u00bb align_last_edited=\u00bbon|desktop\u00bb _builder_version=\u00bb4.16&#8243; global_colors_info=\u00bb{}\u00bb][\/et_pb_image][\/et_pb_column][\/et_pb_row][\/et_pb_section][et_pb_section fb_built=\u00bb1&#8243; admin_label=\u00bbAbout\u00bb _builder_version=\u00bb4.16&#8243; custom_padding=\u00bb||9px|||\u00bb locked=\u00bboff\u00bb global_colors_info=\u00bb{}\u00bb][et_pb_row column_structure=\u00bb3_5,2_5&#8243; _builder_version=\u00bb4.27.4&#8243; width=\u00bb77.8%\u00bb locked=\u00bboff\u00bb global_colors_info=\u00bb{}\u00bb][et_pb_column type=\u00bb3_5&#8243; _builder_version=\u00bb4.16&#8243; global_colors_info=\u00bb{}\u00bb][et_pb_text _builder_version=\u00bb4.27.4&#8243; text_font=\u00bb||||||||\u00bb text_font_size=\u00bb20px\u00bb header_font=\u00bb||||||||\u00bb header_2_font=\u00bbLora|700|||||||\u00bb header_2_font_size=\u00bb60px\u00bb header_2_line_height=\u00bb1.2em\u00bb module_alignment=\u00bbleft\u00bb text_font_size_tablet=\u00bb\u00bb text_font_size_phone=\u00bb16px\u00bb text_font_size_last_edited=\u00bbon|desktop\u00bb header_2_font_size_tablet=\u00bb48px\u00bb header_2_font_size_phone=\u00bb32px\u00bb header_2_font_size_last_edited=\u00bbon|tablet\u00bb global_colors_info=\u00bb{}\u00bb]<\/p>\n<h2>\u00bfQu\u00e9 era un liberto en el siglo I?<\/h2>\n<p>\u00a0 \u00a0 \u00a0 \u00a0 \u00a0 Durante la \u00e9poca imperial romana, se llamaba liberto al esclavo que hab\u00eda sido manumitido (liberado legalmente por su due\u00f1o). Esta condici\u00f3n lo distingu\u00eda del hombre libre, que lo era por nacimiento y pose\u00eda todos los derechos ciudadanos desde su origen.<\/p>\n<p>\u00a0 \u00a0 \u00a0 \u00a0 \u00a0 Alrededor del 15\u202f% de la poblaci\u00f3n del Imperio estaba compuesta por libertos, una proporci\u00f3n significativa que demuestra el papel activo de los antiguos esclavos dentro de la sociedad romana.<\/p>\n<h3><strong>\ud83c\udfdb\ufe0f \u00bfQu\u00e9 derechos ten\u00eda un liberto?<\/strong><\/h3>\n<p>\u00a0 \u00a0 \u00a0 \u00a0 \u00a0 Un liberto no era un ciudadano pleno, pero s\u00ed adquir\u00eda la ciudadan\u00eda romana en t\u00e9rminos generales. Aun as\u00ed:<\/p>\n<ul>\n<li>No pod\u00eda acceder a cargos p\u00fablicos ni votar.<\/li>\n<li>Sus descendientes tampoco pod\u00edan hacerlo, al menos durante dos o tres generaciones.<\/li>\n<li>Conservaba obligaciones legales hacia su antiguo amo (llamado patronus).<\/li>\n<\/ul>\n<p>\u00a0 \u00a0 \u00a0 \u00a0 \u00a0 Entre ellas:<\/p>\n<ul>\n<li>No pod\u00eda demandarlo ni acusarlo p\u00fablicamente.<\/li>\n<li>Estaba obligado a prestarle servicios simples (operae ordinariae) o especializados (operae fabriles), seg\u00fan sus habilidades.<\/li>\n<\/ul>\n<h3><strong>C\u00f3mo era la vida despu\u00e9s de la libertad?<\/strong><\/h3>\n<p>\u00a0 \u00a0 \u00a0 \u00a0 \u00a0 El liberto segu\u00eda vinculado a la familia de su antiguo due\u00f1o, y pod\u00eda:<\/p>\n<ul>\n<li>Seguir viviendo en su casa como empleado, o\u2026<\/li>\n<li>Recibir una peque\u00f1a propiedad para empezar una vida independiente.<\/li>\n<\/ul>\n<p>\u00a0 \u00a0 \u00a0 \u00a0 \u00a0 Si el antiguo amo mor\u00eda sin herederos, el liberto pod\u00eda heredar sus bienes. Pero a la inversa, el amo no pod\u00eda transferir derechos sobre el liberto a sus hijos. Esta relaci\u00f3n era personal y no hereditaria.<\/p>\n<p>\u00a0 \u00a0 \u00a0 \u00a0 \u00a0 Tambi\u00e9n era com\u00fan que el liberto tomara el apellido de su patronus, ya que \u00e9l no ten\u00eda un nomen propio. Por eso muchos libertos aparecen en inscripciones funerarias con nombres derivados de su antiguo due\u00f1o.<\/p>\n<p>[\/et_pb_text][\/et_pb_column][et_pb_column type=\u00bb2_5&#8243; _builder_version=\u00bb4.16&#8243; background_enable_color=\u00bboff\u00bb global_colors_info=\u00bb{}\u00bb][et_pb_text _builder_version=\u00bb4.27.4&#8243; text_font=\u00bb||||||||\u00bb text_font_size=\u00bb20px\u00bb header_font=\u00bb||||||||\u00bb header_2_font=\u00bbLora|700|||||||\u00bb header_2_font_size=\u00bb50px\u00bb header_2_line_height=\u00bb1.2em\u00bb background_color=\u00bb#011C40&#8243; background_layout=\u00bbdark\u00bb module_alignment=\u00bbleft\u00bb text_font_size_tablet=\u00bb\u00bb text_font_size_phone=\u00bb16px\u00bb text_font_size_last_edited=\u00bbon|desktop\u00bb header_2_font_size_tablet=\u00bb\u00bb header_2_font_size_phone=\u00bb32px\u00bb header_2_font_size_last_edited=\u00bbon|desktop\u00bb border_radii=\u00bbon|10px|10px|10px|10px\u00bb border_width_all=\u00bb10px\u00bb border_color_all=\u00bb#011C40&#8243; locked=\u00bboff\u00bb global_colors_info=\u00bb{}\u00bb]<\/p>\n<h2>13\/10\/78 d. C.<\/h2>\n<h3><strong>Cap\u00edtulo 25<\/strong><\/h3>\n<p>\u00a0&#8230;Henke rebusc\u00f3 entre sus recuerdos.<br \/>\n\u00a0 \u00a0\u2014Bueno\u2026 Salvo por la vestimenta&#8230;, sus cabellos&#8230;, el sonido de su voz\u2026<br \/>\n\u00a0 \u00a0Se iba desinflando conforme hablaba.<br \/>\n\u00a0 \u00a0\u2014Siento decepcionarte, pero era una liberta que ven\u00eda a traerte un mensaje de parte de Cornelius Batiatus&#8230;[\/et_pb_text][et_pb_text _builder_version=\u00bb4.27.4&#8243; text_font=\u00bb||||||||\u00bb text_font_size=\u00bb20px\u00bb header_font=\u00bb||||||||\u00bb header_2_font=\u00bbLora|700|||||||\u00bb header_2_font_size=\u00bb60px\u00bb header_2_line_height=\u00bb1.2em\u00bb module_alignment=\u00bbleft\u00bb custom_padding=\u00bb|||4px||\u00bb text_font_size_tablet=\u00bb\u00bb text_font_size_phone=\u00bb16px\u00bb text_font_size_last_edited=\u00bbon|desktop\u00bb header_2_font_size_tablet=\u00bb48px\u00bb header_2_font_size_phone=\u00bb32px\u00bb header_2_font_size_last_edited=\u00bbon|tablet\u00bb global_colors_info=\u00bb{}\u00bb]<\/p>\n<h2>\u00bfSabias que&#8230;?<\/h2>\n<p>\ud83d\udd39Muchos libertos acabaron convirti\u00e9ndose en personas ricas e influyentes. Algunos incluso financiaron edificios p\u00fablicos, teatros o templos, dejando su nombre inscrito como benefactores.<\/p>\n<p>\ud83d\udd39Pero lo que casi nadie sabe es que los libertos pod\u00edan tener sus propios esclavos, y muchos lo hac\u00edan. Es decir, un ex-esclavo pod\u00eda convertirse legalmente en amo, reproduciendo el mismo sistema del que hab\u00eda salido.<br \/>Este ciclo social es una de las paradojas m\u00e1s interesantes del mundo romano.<\/p>\n<p>[\/et_pb_text][\/et_pb_column][\/et_pb_row][\/et_pb_section][et_pb_section fb_built=\u00bb1&#8243; _builder_version=\u00bb4.27.4&#8243; _module_preset=\u00bbdefault\u00bb custom_padding=\u00bb11px||9px|||\u00bb global_colors_info=\u00bb{}\u00bb][et_pb_row _builder_version=\u00bb4.27.4&#8243; background_enable_color=\u00bboff\u00bb border_radii=\u00bbon|7px|7px|7px|7px\u00bb locked=\u00bboff\u00bb global_colors_info=\u00bb{}\u00bb][et_pb_column type=\u00bb4_4&#8243; _builder_version=\u00bb4.16&#8243; global_colors_info=\u00bb{}\u00bb][et_pb_gallery gallery_ids=\u00bb239160,239158,239159,239161,239162,239163,239165,239170,239166,239164,239172,239173&#8243; show_title_and_caption=\u00bboff\u00bb _builder_version=\u00bb4.27.4&#8243; _module_preset=\u00bbdefault\u00bb dbdb_version=\u00bb5.1.1&#8243; dbdb_show_lightbox_title=\u00bboff\u00bb dbdb_show_lightbox_image_count=\u00bboff\u00bb global_colors_info=\u00bb{}\u00bb][\/et_pb_gallery][\/et_pb_column][\/et_pb_row][et_pb_row column_structure=\u00bb1_3,1_3,1_3&#8243; _builder_version=\u00bb4.27.4&#8243; _module_preset=\u00bbdefault\u00bb custom_padding=\u00bb9px||3px|||\u00bb locked=\u00bboff\u00bb global_colors_info=\u00bb{}\u00bb][et_pb_column type=\u00bb1_3&#8243; _builder_version=\u00bb4.27.4&#8243; _module_preset=\u00bbdefault\u00bb global_colors_info=\u00bb{}\u00bb][et_pb_button button_url=\u00bbhttps:\/\/experimentopanzergeist.es\/es\/ernst-kaltenbrunner\/\u00bb button_text=\u00bbP\u00e1gina anterior\u00bb _builder_version=\u00bb4.27.4&#8243; _module_preset=\u00bbdefault\u00bb custom_button=\u00bbon\u00bb button_text_color=\u00bb#FFFFFF\u00bb button_bg_color=\u00bb#011C40&#8243; button_bg_image=\u00bbhttps:\/\/experimentopanzergeist.es\/wp-content\/uploads\/\/2025\/11\/boton-bustos.png\u00bb button_border_width=\u00bb1px\u00bb button_border_color=\u00bb#011C40&#8243; button_border_radius=\u00bb10px\u00bb box_shadow_style=\u00bbpreset4&#8243; box_shadow_horizontal=\u00bb5px\u00bb box_shadow_vertical=\u00bb5px\u00bb box_shadow_color=\u00bbrgba(0,29,73,0.75)\u00bb locked=\u00bboff\u00bb global_colors_info=\u00bb{}\u00bb][\/et_pb_button][\/et_pb_column][et_pb_column type=\u00bb1_3&#8243; _builder_version=\u00bb4.27.4&#8243; _module_preset=\u00bbdefault\u00bb global_colors_info=\u00bb{}\u00bb][et_pb_button button_url=\u00bbhttps:\/\/experimentopanzergeist.es\/es\/novela-en-imagenes\/\u00bb button_text=\u00bbNovela en im\u00e1genes\u00bb button_alignment=\u00bbcenter\u00bb _builder_version=\u00bb4.27.4&#8243; _module_preset=\u00bbdefault\u00bb custom_button=\u00bbon\u00bb button_text_color=\u00bb#FFFFFF\u00bb button_bg_color=\u00bb#011C40&#8243; button_bg_image=\u00bbhttps:\/\/experimentopanzergeist.es\/wp-content\/uploads\/\/2025\/11\/boton-bustos.png\u00bb button_border_width=\u00bb1px\u00bb button_border_color=\u00bb#011C40&#8243; button_border_radius=\u00bb10px\u00bb box_shadow_style=\u00bbpreset4&#8243; box_shadow_horizontal=\u00bb5px\u00bb box_shadow_vertical=\u00bb5px\u00bb box_shadow_color=\u00bbrgba(0,29,73,0.75)\u00bb locked=\u00bboff\u00bb global_colors_info=\u00bb{}\u00bb][\/et_pb_button][\/et_pb_column][et_pb_column type=\u00bb1_3&#8243; _builder_version=\u00bb4.27.4&#8243; _module_preset=\u00bbdefault\u00bb global_colors_info=\u00bb{}\u00bb][et_pb_button button_url=\u00bbhttps:\/\/experimentopanzergeist.es\/es\/hans-kammler\/\u00bb button_text=\u00bbP\u00e1gina  siguiente\u00bb button_alignment=\u00bbright\u00bb _builder_version=\u00bb4.27.4&#8243; _module_preset=\u00bbdefault\u00bb custom_button=\u00bbon\u00bb button_text_color=\u00bb#FFFFFF\u00bb button_bg_color=\u00bb#011C40&#8243; button_bg_image=\u00bbhttps:\/\/experimentopanzergeist.es\/wp-content\/uploads\/\/2025\/11\/boton-bustos.png\u00bb button_border_width=\u00bb1px\u00bb button_border_color=\u00bb#011C40&#8243; button_border_radius=\u00bb10px\u00bb box_shadow_style=\u00bbpreset4&#8243; box_shadow_horizontal=\u00bb5px\u00bb box_shadow_vertical=\u00bb5px\u00bb box_shadow_color=\u00bbrgba(0,29,73,0.75)\u00bb locked=\u00bboff\u00bb global_colors_info=\u00bb{}\u00bb][\/et_pb_button][\/et_pb_column][\/et_pb_row][\/et_pb_section][et_pb_section fb_built=\u00bb1&#8243; fullwidth=\u00bbon\u00bb _builder_version=\u00bb4.16&#8243; locked=\u00bboff\u00bb global_colors_info=\u00bb{}\u00bb][et_pb_fullwidth_image src=\u00bbhttps:\/\/experimentopanzergeist.es\/wp-content\/uploads\/\/2020\/01\/food-bank_56.png\u00bb _builder_version=\u00bb4.16&#8243; global_colors_info=\u00bb{}\u00bb][\/et_pb_fullwidth_image][\/et_pb_section]<\/p>\n","protected":false},"excerpt":{"rendered":"<p>Durante el siglo I, los libertos \u2014antiguos esclavos legalmente liberados\u2014 representaban un porcentaje clave de la poblaci\u00f3n romana. Esta p\u00e1gina explica sus derechos, obligaciones y el modo en que se integraban social y legalmente, revelando c\u00f3mo muchos llegaron a acumular poder, riqueza y hasta esclavos propios. Una paradoja fascinante del mundo romano.<\/p>\n","protected":false},"author":1,"featured_media":0,"parent":0,"menu_order":0,"comment_status":"closed","ping_status":"closed","template":"","meta":{"_et_pb_use_builder":"on","_et_pb_old_content":"","_et_gb_content_width":"","footnotes":""},"class_list":["post-223167","page","type-page","status-publish","hentry"],"_links":{"self":[{"href":"https:\/\/experimentopanzergeist.es\/es\/wp-json\/wp\/v2\/pages\/223167","targetHints":{"allow":["GET"]}}],"collection":[{"href":"https:\/\/experimentopanzergeist.es\/es\/wp-json\/wp\/v2\/pages"}],"about":[{"href":"https:\/\/experimentopanzergeist.es\/es\/wp-json\/wp\/v2\/types\/page"}],"author":[{"embeddable":true,"href":"https:\/\/experimentopanzergeist.es\/es\/wp-json\/wp\/v2\/users\/1"}],"replies":[{"embeddable":true,"href":"https:\/\/experimentopanzergeist.es\/es\/wp-json\/wp\/v2\/comments?post=223167"}],"version-history":[{"count":21,"href":"https:\/\/experimentopanzergeist.es\/es\/wp-json\/wp\/v2\/pages\/223167\/revisions"}],"predecessor-version":[{"id":243191,"href":"https:\/\/experimentopanzergeist.es\/es\/wp-json\/wp\/v2\/pages\/223167\/revisions\/243191"}],"wp:attachment":[{"href":"https:\/\/experimentopanzergeist.es\/es\/wp-json\/wp\/v2\/media?parent=223167"}],"curies":[{"name":"wp","href":"https:\/\/api.w.org\/{rel}","templated":true}]}}