{"id":238806,"date":"2025-04-26T03:28:00","date_gmt":"2025-04-26T03:28:00","guid":{"rendered":"https:\/\/experimentopanzergeist.es\/?page_id=238806"},"modified":"2026-03-16T00:15:14","modified_gmt":"2026-03-16T00:15:14","slug":"bolero-ravel","status":"publish","type":"page","link":"https:\/\/experimentopanzergeist.es\/fr\/bolero-ravel\/","title":{"rendered":"Bolero (Ravel)"},"content":{"rendered":"<p>[et_pb_section fb_built=\u00bb1&#8243; custom_padding_last_edited=\u00bbon|phone\u00bb admin_label=\u00bbHeader\u00bb _builder_version=\u00bb4.27.4&#8243; background_enable_color=\u00bboff\u00bb background_image=\u00bbhttps:\/\/experimentopanzergeist.es\/wp-content\/uploads\/\/2025\/04\/ravelbolero.png\u00bb background_position=\u00bbcenter_left\u00bb custom_padding=\u00bb100px||0vw|||\u00bb custom_padding_tablet=\u00bb40px|||\u00bb custom_padding_phone=\u00bb0px|||\u00bb locked=\u00bboff\u00bb global_colors_info=\u00bb{}\u00bb][et_pb_row _builder_version=\u00bb4.16&#8243; global_colors_info=\u00bb{}\u00bb][et_pb_column type=\u00bb4_4&#8243; _builder_version=\u00bb4.16&#8243; global_colors_info=\u00bb{}\u00bb][et_pb_text _builder_version=\u00bb4.27.6&#8243; text_font=\u00bb||||||||\u00bb header_font=\u00bbAbril Fatface||||||||\u00bb header_font_size=\u00bb80px\u00bb header_line_height=\u00bb0.9em\u00bb header_2_font=\u00bbAbril Fatface||||||||\u00bb header_2_font_size=\u00bb56px\u00bb header_2_line_height=\u00bb1.1em\u00bb background_layout=\u00bbdark\u00bb hover_enabled=\u00bb0&#8243; header_font_size_tablet=\u00bb54px\u00bb header_font_size_phone=\u00bb34px\u00bb header_font_size_last_edited=\u00bboff|tablet\u00bb header_2_font_size_tablet=\u00bb36px\u00bb header_2_font_size_phone=\u00bb24px\u00bb header_2_font_size_last_edited=\u00bbon|phone\u00bb locked=\u00bboff\u00bb global_colors_info=\u00bb{}\u00bb sticky_enabled=\u00bb0&#8243;]<\/p>\n<h1>Bolero<\/h1>\n<p>[\/et_pb_text][\/et_pb_column][\/et_pb_row][et_pb_row _builder_version=\u00bb4.16&#8243; width=\u00bb100%\u00bb max_width=\u00bb100%\u00bb custom_padding=\u00bb0px||0px|||\u00bb global_colors_info=\u00bb{}\u00bb][et_pb_column type=\u00bb4_4&#8243; _builder_version=\u00bb4.16&#8243; custom_padding=\u00bb|||\u00bb global_colors_info=\u00bb{}\u00bb custom_padding__hover=\u00bb|||\u00bb][et_pb_image src=\u00bbhttps:\/\/experimentopanzergeist.es\/wp-content\/uploads\/\/2020\/01\/food-bank_57.png\u00bb align=\u00bbright\u00bb align_tablet=\u00bbcenter\u00bb align_phone=\u00bb\u00bb align_last_edited=\u00bbon|desktop\u00bb _builder_version=\u00bb4.16&#8243; global_colors_info=\u00bb{}\u00bb][\/et_pb_image][\/et_pb_column][\/et_pb_row][\/et_pb_section][et_pb_section fb_built=\u00bb1&#8243; admin_label=\u00bbAbout\u00bb _builder_version=\u00bb4.16&#8243; custom_padding=\u00bb||15px|||\u00bb global_colors_info=\u00bb{}\u00bb][et_pb_row column_structure=\u00bb3_5,2_5&#8243; _builder_version=\u00bb4.27.4&#8243; _module_preset=\u00bbdefault\u00bb global_colors_info=\u00bb{}\u00bb][et_pb_column type=\u00bb3_5&#8243; _builder_version=\u00bb4.27.4&#8243; _module_preset=\u00bbdefault\u00bb global_colors_info=\u00bb{}\u00bb][et_pb_text _builder_version=\u00bb4.27.4&#8243; text_font=\u00bb||||||||\u00bb text_font_size=\u00bb20px\u00bb header_font=\u00bb||||||||\u00bb header_2_font=\u00bbLora|700|||||||\u00bb header_2_font_size=\u00bb60px\u00bb header_2_line_height=\u00bb1.2em\u00bb module_alignment=\u00bbleft\u00bb text_font_size_tablet=\u00bb\u00bb text_font_size_phone=\u00bb16px\u00bb text_font_size_last_edited=\u00bbon|desktop\u00bb header_2_font_size_tablet=\u00bb48px\u00bb header_2_font_size_phone=\u00bb32px\u00bb header_2_font_size_last_edited=\u00bbon|tablet\u00bb global_colors_info=\u00bb{}\u00bb]<\/p>\n<h2>Una mec\u00e1nica de la emoci\u00f3n<\/h2>\n<p>\u00a0 \u00a0 \u00a0 \u00a0 \u00a0 Maurice Ravel naci\u00f3 el 7 de marzo de 1875 en Ciboure, Francia, y muri\u00f3 el 28 de diciembre de 1937 en Par\u00eds.<br \/>\u00a0 \u00a0 \u00a0 \u00a0 \u00a0 En 1928, Maurice Ravel ya mostraba los primeros signos de una enfermedad cerebral progresiva que afectaba su coordinaci\u00f3n motora y su capacidad ling\u00fc\u00edstica. A pesar de estas dificultades f\u00edsicas, su mente segu\u00eda l\u00facida y creativa. Fue entonces cuando decidi\u00f3 componer una obra que rompiera con la forma sinf\u00f3nica tradicional: un experimento sonoro basado en la repetici\u00f3n constante.<\/p>\n<p>\u00a0 \u00a0 \u00a0 \u00a0 \u00a0 El resultado fue el Bolero, una pieza construida sobre un \u00fanico tema repetido de forma hipn\u00f3tica, sin desarrollo mel\u00f3dico, solo mediante variaciones de orquestaci\u00f3n y din\u00e1mica. Su estructura es deliberadamente mec\u00e1nica, casi inmutable, pero logra generar una tensi\u00f3n creciente que desemboca en una intensidad emocional abrumadora. Cada repetici\u00f3n se siente distinta, m\u00e1s cercana al cl\u00edmax, aunque el material musical apenas cambia.<\/p>\n<p>\u00a0 \u00a0 \u00a0 \u00a0 \u00a0 \u00a0Ravel reconoc\u00eda abiertamente que no era un aut\u00e9ntico bolero espa\u00f1ol, sino, como \u00e9l mismo lo defini\u00f3, \u201cuna \u00fanica melod\u00eda larga\u201d. Aun as\u00ed, la obra tuvo un \u00e9xito inmediato tras su estreno, y se convirti\u00f3 en una de las composiciones m\u00e1s emblem\u00e1ticas del repertorio orquestal del siglo XX.<\/p>\n<p>\u00a0 \u00a0 \u00a0 \u00a0 \u00a0 \u00a0Curiosamente, Ravel no esperaba ese entusiasmo. En sus palabras, consideraba que Bolero era \u201cuna obra sin m\u00fasica\u201d, m\u00e1s una experiencia r\u00edtmica que mel\u00f3dica. Sin embargo, su impacto fue tal que incluso \u00e9l se mostr\u00f3 sorprendido por la intensidad con la que el p\u00fablico conect\u00f3 con su propuesta.<\/p>\n<p>\u00a0 \u00a0 \u00a0 \u00a0 \u00a0 \u00a0Desde entonces, Bolero ha sido interpretado y adaptado en m\u00faltiples contextos, y su crescendo ininterrumpido sigue fascinando tanto a m\u00fasicos como a oyentes. Es, en definitiva, una obra que demuestra que la emoci\u00f3n puede surgir no del cambio, sino de la insistencia.<\/p>\n<p>[\/et_pb_text][\/et_pb_column][et_pb_column type=\u00bb2_5&#8243; _builder_version=\u00bb4.27.4&#8243; _module_preset=\u00bbdefault\u00bb global_colors_info=\u00bb{}\u00bb][et_pb_text _builder_version=\u00bb4.27.4&#8243; text_font=\u00bb||||||||\u00bb text_font_size=\u00bb20px\u00bb header_font=\u00bb||||||||\u00bb header_2_font=\u00bbLora|700|||||||\u00bb header_2_font_size=\u00bb50px\u00bb header_2_line_height=\u00bb1.2em\u00bb background_color=\u00bb#011C40&#8243; background_layout=\u00bbdark\u00bb module_alignment=\u00bbleft\u00bb text_font_size_tablet=\u00bb\u00bb text_font_size_phone=\u00bb16px\u00bb text_font_size_last_edited=\u00bbon|desktop\u00bb header_2_font_size_tablet=\u00bb\u00bb header_2_font_size_phone=\u00bb32px\u00bb header_2_font_size_last_edited=\u00bbon|desktop\u00bb border_radii=\u00bbon|10px|10px|10px|10px\u00bb border_width_all=\u00bb10px\u00bb border_color_all=\u00bb#011C40&#8243; locked=\u00bboff\u00bb global_colors_info=\u00bb{}\u00bb]<\/p>\n<h2>La travesia<\/h2>\n<h3><strong>Cap\u00edtulo 21<\/strong><\/h3>\n<p>&#8230;\u2014\u00a1Ahora s\u00e9 c\u00f3mo deb\u00eda de sentirse Ravel el d\u00eda del estreno! \u2014exclam\u00f3 Erich, sonriente, entre ovaciones descontroladas, l\u00e1grimas de regocijo y pieles de gallina&#8230;<\/p>\n<p>[\/et_pb_text][et_pb_audio audio=\u00bbhttps:\/\/experimentopanzergeist.es\/wp-content\/uploads\/\/2025\/05\/bolero.mp3&#8243; title=\u00bbBolero\u00bb _builder_version=\u00bb4.27.6&#8243; _module_preset=\u00bbdefault\u00bb title_line_height=\u00bb3em\u00bb background_enable_color=\u00bboff\u00bb background_image=\u00bbhttps:\/\/experimentopanzergeist.es\/wp-content\/uploads\/\/2025\/05\/ChatGPT-Image-May-9-2025-12_57_21-PM.png\u00bb background_size=\u00bbcontain\u00bb background_position=\u00bbtop_center\u00bb background_vertical_offset=\u00bb22%\u00bb width=\u00bb100%\u00bb max_width=\u00bb100%\u00bb min_height=\u00bb0px\u00bb height=\u00bb400px\u00bb max_height=\u00bb1000px\u00bb custom_margin=\u00bb||||false|false\u00bb custom_padding=\u00bb100px||||false|false\u00bb hover_enabled=\u00bb0&#8243; border_radii=\u00bbon|10px|10px|10px|10px\u00bb border_color_all_image=\u00bb#D93611&#8243; locked=\u00bboff\u00bb global_colors_info=\u00bb{}\u00bb sticky_enabled=\u00bb0&#8243; title_font_size=\u00bb22px\u00bb][\/et_pb_audio][et_pb_text _builder_version=\u00bb4.27.4&#8243; text_font=\u00bb||||||||\u00bb text_font_size=\u00bb20px\u00bb header_font=\u00bb||||||||\u00bb header_2_font=\u00bbLora|700|||||||\u00bb header_2_font_size=\u00bb60px\u00bb header_2_line_height=\u00bb1.2em\u00bb module_alignment=\u00bbleft\u00bb text_font_size_tablet=\u00bb\u00bb text_font_size_phone=\u00bb16px\u00bb text_font_size_last_edited=\u00bbon|desktop\u00bb header_2_font_size_tablet=\u00bb48px\u00bb header_2_font_size_phone=\u00bb32px\u00bb header_2_font_size_last_edited=\u00bbon|tablet\u00bb global_colors_info=\u00bb{}\u00bb]<\/p>\n<h2>\u00bfSab\u00edas que\u2026?<\/h2>\n<p>\ud83d\udd39El Bolero fue compuesto por Ravel por encargo de Ida Rubinstein, bailarina rusa y figura destacada de la escena art\u00edstica parisina. Quer\u00eda una m\u00fasica de gran impacto para un ballet sensual e hipn\u00f3tico que interpretar\u00eda ella misma. El estreno, con coreograf\u00eda de Bronislava Nijinska, fue un \u00e9xito inmediato. Rubinstein, tras una vida dedicada al arte, falleci\u00f3 en Par\u00eds en 1960, ya retirada de los escenarios.[\/et_pb_text][\/et_pb_column][\/et_pb_row][et_pb_row _builder_version=\u00bb4.27.4&#8243; _module_preset=\u00bbdefault\u00bb global_colors_info=\u00bb{}\u00bb][et_pb_column type=\u00bb4_4&#8243; _builder_version=\u00bb4.27.4&#8243; _module_preset=\u00bbdefault\u00bb global_colors_info=\u00bb{}\u00bb][et_pb_image src=\u00bbhttps:\/\/experimentopanzergeist.es\/wp-content\/uploads\/\/2025\/04\/ravelbolero.png\u00bb title_text=\u00bbravelbolero\u00bb _builder_version=\u00bb4.27.4&#8243; _module_preset=\u00bbdefault\u00bb global_colors_info=\u00bb{}\u00bb][\/et_pb_image][et_pb_text _builder_version=\u00bb4.27.4&#8243; text_font=\u00bb||||||||\u00bb text_font_size=\u00bb20px\u00bb header_font=\u00bb||||||||\u00bb header_2_font=\u00bbLora|700|||||||\u00bb header_2_font_size=\u00bb60px\u00bb header_2_line_height=\u00bb1.2em\u00bb module_alignment=\u00bbleft\u00bb text_font_size_tablet=\u00bb\u00bb text_font_size_phone=\u00bb16px\u00bb text_font_size_last_edited=\u00bbon|desktop\u00bb header_2_font_size_tablet=\u00bb48px\u00bb header_2_font_size_phone=\u00bb32px\u00bb header_2_font_size_last_edited=\u00bbon|tablet\u00bb global_colors_info=\u00bb{}\u00bb]<\/p>\n<h3><strong>Legado musical en la actualidad<\/strong><\/h3>\n<p>\u00a0 \u00a0 \u00a0 \u00a0 \u00a0 La obra de Maurice Ravel abarca cerca de cuarenta composiciones esenciales que incluyen piezas para piano, m\u00fasica de c\u00e1mara, obras vocales, ballets y partituras orquestales. Entre sus t\u00edtulos m\u00e1s reconocidos se encuentran Daphnis et Chlo\u00e9, Rapsodie espagnole, Ma m\u00e8re l\u2019Oye, Le tombeau de Couperin y el Concierto para piano en Sol mayor. Dentro de este repertorio, el Bolero se ha convertido en un emblema universal de su estilo: es interpretado regularmente en salas de conciertos de todo el mundo, forma parte estable del repertorio de numerosas orquestas sinf\u00f3nicas y contin\u00faa inspirando nuevas coreograf\u00edas, versiones esc\u00e9nicas y adaptaciones contempor\u00e1neas. Su estructura progresiva lo ha consagrado como modelo de referencia tanto en la m\u00fasica cl\u00e1sica como en otros g\u00e9neros art\u00edsticos. Hoy en d\u00eda, la m\u00fasica de Ravel mantiene una presencia destacada en festivales, ciclos de concierto y grabaciones, asegurando su vigencia y confirmando su lugar como una de las voces m\u00e1s influyentes de la m\u00fasica del siglo XX.<\/p>\n<p>[\/et_pb_text][\/et_pb_column][\/et_pb_row][et_pb_row column_structure=\u00bb1_3,1_3,1_3&#8243; _builder_version=\u00bb4.27.4&#8243; _module_preset=\u00bbdefault\u00bb custom_padding=\u00bb9px||3px|||\u00bb locked=\u00bboff\u00bb global_colors_info=\u00bb{}\u00bb][et_pb_column type=\u00bb1_3&#8243; _builder_version=\u00bb4.27.4&#8243; _module_preset=\u00bbdefault\u00bb global_colors_info=\u00bb{}\u00bb][et_pb_button button_url=\u00bbhttps:\/\/experimentopanzergeist.es\/es\/novela-en-imagenes\/\u00bb button_text=\u00bbP\u00e1gina anterior\u00bb _builder_version=\u00bb4.27.4&#8243; _module_preset=\u00bbdefault\u00bb custom_button=\u00bbon\u00bb button_text_color=\u00bb#FFFFFF\u00bb button_bg_color=\u00bb#011C40&#8243; button_bg_image=\u00bbhttps:\/\/experimentopanzergeist.es\/wp-content\/uploads\/\/2025\/11\/boton-bustos.png\u00bb button_border_width=\u00bb1px\u00bb button_border_color=\u00bb#011C40&#8243; button_border_radius=\u00bb10px\u00bb box_shadow_style=\u00bbpreset4&#8243; box_shadow_horizontal=\u00bb5px\u00bb box_shadow_vertical=\u00bb5px\u00bb box_shadow_color=\u00bbrgba(0,29,73,0.75)\u00bb locked=\u00bboff\u00bb global_colors_info=\u00bb{}\u00bb][\/et_pb_button][\/et_pb_column][et_pb_column type=\u00bb1_3&#8243; _builder_version=\u00bb4.27.4&#8243; _module_preset=\u00bbdefault\u00bb global_colors_info=\u00bb{}\u00bb][\/et_pb_column][et_pb_column type=\u00bb1_3&#8243; _builder_version=\u00bb4.27.4&#8243; _module_preset=\u00bbdefault\u00bb global_colors_info=\u00bb{}\u00bb][et_pb_button button_url=\u00bbhttps:\/\/experimentopanzergeist.es\/es\/greensleeves\/\u00bb button_text=\u00bbP\u00e1gina  siguiente\u00bb button_alignment=\u00bbright\u00bb _builder_version=\u00bb4.27.4&#8243; _module_preset=\u00bbdefault\u00bb custom_button=\u00bbon\u00bb button_text_color=\u00bb#FFFFFF\u00bb button_bg_color=\u00bb#011C40&#8243; button_bg_image=\u00bbhttps:\/\/experimentopanzergeist.es\/wp-content\/uploads\/\/2025\/11\/boton-bustos.png\u00bb button_border_width=\u00bb1px\u00bb button_border_color=\u00bb#011C40&#8243; button_border_radius=\u00bb10px\u00bb box_shadow_style=\u00bbpreset4&#8243; box_shadow_horizontal=\u00bb5px\u00bb box_shadow_vertical=\u00bb5px\u00bb box_shadow_color=\u00bbrgba(0,29,73,0.75)\u00bb locked=\u00bboff\u00bb global_colors_info=\u00bb{}\u00bb][\/et_pb_button][\/et_pb_column][\/et_pb_row][\/et_pb_section][et_pb_section fb_built=\u00bb1&#8243; fullwidth=\u00bbon\u00bb _builder_version=\u00bb4.16&#8243; locked=\u00bboff\u00bb global_colors_info=\u00bb{}\u00bb][et_pb_fullwidth_image src=\u00bbhttps:\/\/experimentopanzergeist.es\/wp-content\/uploads\/\/2020\/01\/food-bank_56.png\u00bb _builder_version=\u00bb4.16&#8243; global_colors_info=\u00bb{}\u00bb][\/et_pb_fullwidth_image][\/et_pb_section]<\/p>\n","protected":false},"excerpt":{"rendered":"<p>El Bolero de Ravel crece por la insistencia: una pieza hipn\u00f3tica que demuestra que la emoci\u00f3n puede surgir sin cambiar una sola nota.<\/p>","protected":false},"author":1,"featured_media":0,"parent":0,"menu_order":0,"comment_status":"closed","ping_status":"closed","template":"","meta":{"_et_pb_use_builder":"on","_et_pb_old_content":"","_et_gb_content_width":"","footnotes":""},"class_list":["post-238806","page","type-page","status-publish","hentry"],"_links":{"self":[{"href":"https:\/\/experimentopanzergeist.es\/fr\/wp-json\/wp\/v2\/pages\/238806","targetHints":{"allow":["GET"]}}],"collection":[{"href":"https:\/\/experimentopanzergeist.es\/fr\/wp-json\/wp\/v2\/pages"}],"about":[{"href":"https:\/\/experimentopanzergeist.es\/fr\/wp-json\/wp\/v2\/types\/page"}],"author":[{"embeddable":true,"href":"https:\/\/experimentopanzergeist.es\/fr\/wp-json\/wp\/v2\/users\/1"}],"replies":[{"embeddable":true,"href":"https:\/\/experimentopanzergeist.es\/fr\/wp-json\/wp\/v2\/comments?post=238806"}],"version-history":[{"count":23,"href":"https:\/\/experimentopanzergeist.es\/fr\/wp-json\/wp\/v2\/pages\/238806\/revisions"}],"predecessor-version":[{"id":243175,"href":"https:\/\/experimentopanzergeist.es\/fr\/wp-json\/wp\/v2\/pages\/238806\/revisions\/243175"}],"wp:attachment":[{"href":"https:\/\/experimentopanzergeist.es\/fr\/wp-json\/wp\/v2\/media?parent=238806"}],"curies":[{"name":"wp","href":"https:\/\/api.w.org\/{rel}","templated":true}]}}